{"id":85,"date":"2015-04-27T17:03:21","date_gmt":"2015-04-27T17:03:21","guid":{"rendered":"http:\/\/www.juanvelarde26.es\/?page_id=85"},"modified":"2020-01-25T09:55:10","modified_gmt":"2020-01-25T09:55:10","slug":"fotos","status":"publish","type":"page","link":"https:\/\/www.juanvelarde26.com\/en\/galeria\/fotos\/","title":{"rendered":"Images"},"content":{"rendered":"[vc_row][vc_column][vc_column_text]\n<h2><\/h2>\n<h2>Juan Velarde&#8217;s Photos<\/h2>\n\n\t\t\t\t\t\n\n\t\t\t\t\t<!-- START UNITE GALLERY 1.6.7 -->\n\t\t\t\t\t\n\t\t\t\t\n\t\t\t<div id='unitegallery_33_1' class='unite-gallery' style='margin:0px auto;'>\n\t\t\t\t\n\n\t\t\t\t\t\t<img alt=\"Juan Velarde Extra 330 LX\"\n\t\t\t\t\t\t     src=\"https:\/\/www.juanvelarde26.com\/wp-content\/uploads\/2024\/02\/juan-velarde-extra330lx-3-300x169.jpg\"\n\t\t\t\t\t\t     data-image=\"https:\/\/www.juanvelarde26.com\/wp-content\/uploads\/2024\/02\/juan-velarde-extra330lx-3.jpg\"\n\t\t\t\t\t\t     title=\"\"\n\t\t\t\t\t\t     style=\"display:none\">\n\n\t\t\t\t\t\t<img alt=\"Juan Velarde Red Bull Air Race Chiba 2019\"\n\t\t\t\t\t\t     src=\"https:\/\/www.juanvelarde26.com\/wp-content\/uploads\/2019\/09\/juan-velarde-chiba-baja-1-300x194.jpg\"\n\t\t\t\t\t\t     data-image=\"https:\/\/www.juanvelarde26.com\/wp-content\/uploads\/2019\/09\/juan-velarde-chiba-baja-1.jpg\"\n\t\t\t\t\t\t     title=\"Juan Velarde Red Bull Air Race Chiba 2019 Jap\u00f3n\"\n\t\t\t\t\t\t     style=\"display:none\">\n\n\t\t\t\t\t\t<img alt=\"Juan Velarde Sukhoi\"\n\t\t\t\t\t\t     src=\"https:\/\/www.juanvelarde26.com\/wp-content\/uploads\/2024\/02\/juan-velarde-sukhoi-1-300x169.jpg\"\n\t\t\t\t\t\t     data-image=\"https:\/\/www.juanvelarde26.com\/wp-content\/uploads\/2024\/02\/juan-velarde-sukhoi-1.jpg\"\n\t\t\t\t\t\t     title=\"Juan Velarde Sukhoi\"\n\t\t\t\t\t\t     style=\"display:none\">\n\n\t\t\t\t\t\t<img alt=\"Juan Velarde Edge 540 2023\"\n\t\t\t\t\t\t     src=\"https:\/\/www.juanvelarde26.com\/wp-content\/uploads\/2024\/04\/juan-velarde-edge-540-2023-300x200.jpg\"\n\t\t\t\t\t\t     data-image=\"https:\/\/www.juanvelarde26.com\/wp-content\/uploads\/2024\/04\/juan-velarde-edge-540-2023.jpg\"\n\t\t\t\t\t\t     title=\"\"\n\t\t\t\t\t\t     style=\"display:none\">\n\n\t\t\t\t\t\t<img alt=\"Juan Velarde vuela con la Patrulla Aspa\"\n\t\t\t\t\t\t     src=\"https:\/\/www.juanvelarde26.com\/wp-content\/uploads\/2023\/06\/juan-velarde-patrulla-aspa-300x225.jpg\"\n\t\t\t\t\t\t     data-image=\"https:\/\/www.juanvelarde26.com\/wp-content\/uploads\/2023\/06\/juan-velarde-patrulla-aspa.jpg\"\n\t\t\t\t\t\t     title=\"Juan Velarde vuela con la Patrulla Aspa\"\n\t\t\t\t\t\t     style=\"display:none\">\n\n\t\t\t\t\t\t<img alt=\"Master Class Pilots Red Bull Air Race 2019\"\n\t\t\t\t\t\t     src=\"https:\/\/www.juanvelarde26.com\/wp-content\/uploads\/2019\/09\/juan-velarde-auh-baja-2-300x194.jpg\"\n\t\t\t\t\t\t     data-image=\"https:\/\/www.juanvelarde26.com\/wp-content\/uploads\/2019\/09\/juan-velarde-auh-baja-2.jpg\"\n\t\t\t\t\t\t     title=\"Master Class Pilots Red Bull Air Race 2019\"\n\t\t\t\t\t\t     style=\"display:none\">\n\n\t\t\t\t\t\t<img alt=\"Juan Velarde Extra 330 LX\"\n\t\t\t\t\t\t     src=\"https:\/\/www.juanvelarde26.com\/wp-content\/uploads\/2024\/02\/juan-velarde-avion-extra330-1-300x169.jpg\"\n\t\t\t\t\t\t     data-image=\"https:\/\/www.juanvelarde26.com\/wp-content\/uploads\/2024\/02\/juan-velarde-avion-extra330-1.jpg\"\n\t\t\t\t\t\t     title=\"Juan Velarde Extra 330 LX\"\n\t\t\t\t\t\t     style=\"display:none\">\n\n\t\t\t\t\t\t<img alt=\"Juan Velarde Oca\u00f1a 2019\"\n\t\t\t\t\t\t     src=\"https:\/\/www.juanvelarde26.com\/wp-content\/uploads\/2020\/04\/juan-velarde-rbar-ocana-mayo-2019-300x200.jpg\"\n\t\t\t\t\t\t     data-image=\"https:\/\/www.juanvelarde26.com\/wp-content\/uploads\/2020\/04\/juan-velarde-rbar-ocana-mayo-2019.jpg\"\n\t\t\t\t\t\t     title=\"Juan Velarde entrenamientos Red Bull Air Race Oca\u00f1a 2019\"\n\t\t\t\t\t\t     style=\"display:none\">\n\n\t\t\t\t\t\t<img alt=\"Zivko Edge 540 v2 y Mosca FIO\"\n\t\t\t\t\t\t     src=\"https:\/\/www.juanvelarde26.com\/wp-content\/uploads\/2019\/06\/RYanez_L5G7186-baja-300x200.jpg\"\n\t\t\t\t\t\t     data-image=\"https:\/\/www.juanvelarde26.com\/wp-content\/uploads\/2019\/06\/RYanez_L5G7186-baja.jpg\"\n\t\t\t\t\t\t     title=\"Juan Velarde vuela con el Zivko Edge 540 v2 de la Red Bull Air Race ern formaci\u00f3n con el Mosca en la exhibici\u00f3n de la FIO.\"\n\t\t\t\t\t\t     style=\"display:none\">\n\n\t\t\t\t\t\t<img alt=\"Juan Velarde Portada\"\n\t\t\t\t\t\t     src=\"https:\/\/www.juanvelarde26.com\/wp-content\/uploads\/2024\/02\/juan-velarde-portada-1-b-300x87.jpg\"\n\t\t\t\t\t\t     data-image=\"https:\/\/www.juanvelarde26.com\/wp-content\/uploads\/2024\/02\/juan-velarde-portada-1-b.jpg\"\n\t\t\t\t\t\t     title=\"Juan Velarde Portada\"\n\t\t\t\t\t\t     style=\"display:none\">\n\n\t\t\t\t\t\t<img alt=\"Juan Velarde Bravo3 Repsol\"\n\t\t\t\t\t\t     src=\"https:\/\/www.juanvelarde26.com\/wp-content\/uploads\/2019\/10\/DSC5503-copia-2_b-300x194.jpg\"\n\t\t\t\t\t\t     data-image=\"https:\/\/www.juanvelarde26.com\/wp-content\/uploads\/2019\/10\/DSC5503-copia-2_b.jpg\"\n\t\t\t\t\t\t     title=\"Juan Velarde  y Castor Fantoba Bravo3 Repsol\"\n\t\t\t\t\t\t     style=\"display:none\">\n\n\t\t\t\t\t\t<img alt=\"Juan Verlarde avion Zivko Edge 540\"\n\t\t\t\t\t\t     src=\"https:\/\/www.juanvelarde26.com\/wp-content\/uploads\/2024\/04\/juan-velarde-avion-edge540-300x169.jpg\"\n\t\t\t\t\t\t     data-image=\"https:\/\/www.juanvelarde26.com\/wp-content\/uploads\/2024\/04\/juan-velarde-avion-edge540.jpg\"\n\t\t\t\t\t\t     title=\"Juan Verlarde avion Zivko Edge 540 \"\n\t\t\t\t\t\t     style=\"display:none\">\n\n\t\t\t\t\t\t<img alt=\"Juan Velarde Red Bull Air Race Abu Dabi 2019\"\n\t\t\t\t\t\t     src=\"https:\/\/www.juanvelarde26.com\/wp-content\/uploads\/2019\/09\/juan-velarde-auh-baja-1-300x194.jpg\"\n\t\t\t\t\t\t     data-image=\"https:\/\/www.juanvelarde26.com\/wp-content\/uploads\/2019\/09\/juan-velarde-auh-baja-1.jpg\"\n\t\t\t\t\t\t     title=\"Juan Velarde Red Bull Air Race Abu Dabi 2019\"\n\t\t\t\t\t\t     style=\"display:none\">\n\n\t\t\t\t\t\t<img alt=\"Juan Velarde Airshow Menorca 2019\"\n\t\t\t\t\t\t     src=\"https:\/\/www.juanvelarde26.com\/wp-content\/uploads\/2020\/04\/juan-velarde-airshow-menorca-2019-300x200.jpg\"\n\t\t\t\t\t\t     data-image=\"https:\/\/www.juanvelarde26.com\/wp-content\/uploads\/2020\/04\/juan-velarde-airshow-menorca-2019.jpg\"\n\t\t\t\t\t\t     title=\"\"\n\t\t\t\t\t\t     style=\"display:none\">\n\n\t\t\t\t\t\t<img alt=\"Team Velarde RBAR Abu Dabi 2019\"\n\t\t\t\t\t\t     src=\"https:\/\/www.juanvelarde26.com\/wp-content\/uploads\/2020\/04\/Team-Velarde-RBAR-Abu-Dabi-2019-300x200.jpg\"\n\t\t\t\t\t\t     data-image=\"https:\/\/www.juanvelarde26.com\/wp-content\/uploads\/2020\/04\/Team-Velarde-RBAR-Abu-Dabi-2019.jpg\"\n\t\t\t\t\t\t     title=\"Team Velarde RBAR Abu Dabi 2019\"\n\t\t\t\t\t\t     style=\"display:none\">\n\n\t\t\t\t\t\t<img alt=\"Red Bull Air Race Texas 2018\"\n\t\t\t\t\t\t     src=\"https:\/\/www.juanvelarde26.com\/wp-content\/uploads\/2019\/06\/AP-1XHZF69792111_hires_jpeg_24bit_rgb-b-300x200.jpg\"\n\t\t\t\t\t\t     data-image=\"https:\/\/www.juanvelarde26.com\/wp-content\/uploads\/2019\/06\/AP-1XHZF69792111_hires_jpeg_24bit_rgb-b.jpg\"\n\t\t\t\t\t\t     title=\"Juan Velarde en acci\u00f3n en la Red Bull Air Race de Fort Worth, Texas, USA en 2018.\"\n\t\t\t\t\t\t     style=\"display:none\">\n\n\t\t\t\t\t\t<img alt=\"Juan Velarde Bravo3 Repsol\"\n\t\t\t\t\t\t     src=\"https:\/\/www.juanvelarde26.com\/wp-content\/uploads\/2019\/10\/GOPR6025-copia-2_b-300x194.jpg\"\n\t\t\t\t\t\t     data-image=\"https:\/\/www.juanvelarde26.com\/wp-content\/uploads\/2019\/10\/GOPR6025-copia-2_b.jpg\"\n\t\t\t\t\t\t     title=\"Juan Velarde  y Castor Fantoba Bravo3 Repsol\"\n\t\t\t\t\t\t     style=\"display:none\">\n\n\t\t\t\t\t\t<img alt=\"Juan Velarde y Marc M\u00e1rquez\"\n\t\t\t\t\t\t     src=\"https:\/\/www.juanvelarde26.com\/wp-content\/uploads\/2020\/04\/juan-velarde-marc-marquez-igualada-23-300x200.jpg\"\n\t\t\t\t\t\t     data-image=\"https:\/\/www.juanvelarde26.com\/wp-content\/uploads\/2020\/04\/juan-velarde-marc-marquez-igualada-23.jpg\"\n\t\t\t\t\t\t     title=\"Juan Velarde y Marc M\u00e1rquez\"\n\t\t\t\t\t\t     style=\"display:none\">\n\n\t\t\t\t\t\t<img alt=\"Juan Velarde Red Bull Air Race 2019 Abu Dhabi\"\n\t\t\t\t\t\t     src=\"https:\/\/www.juanvelarde26.com\/wp-content\/uploads\/2019\/09\/juan-velarde-auh-baja-3-300x194.jpg\"\n\t\t\t\t\t\t     data-image=\"https:\/\/www.juanvelarde26.com\/wp-content\/uploads\/2019\/09\/juan-velarde-auh-baja-3.jpg\"\n\t\t\t\t\t\t     title=\"Juan Velarde Red Bull Air Race 2019 Abu Dhabi\"\n\t\t\t\t\t\t     style=\"display:none\">\n\n\t\t\t\t\t\t<img alt=\"Juan Velarde RBAR Austria 2018\"\n\t\t\t\t\t\t     src=\"https:\/\/www.juanvelarde26.com\/wp-content\/uploads\/2020\/04\/juan-velarde-red-bull-air-race-austria-2018-300x200.jpg\"\n\t\t\t\t\t\t     data-image=\"https:\/\/www.juanvelarde26.com\/wp-content\/uploads\/2020\/04\/juan-velarde-red-bull-air-race-austria-2018.jpg\"\n\t\t\t\t\t\t     title=\"Juan Velarde RBAR Austria 2018\"\n\t\t\t\t\t\t     style=\"display:none\">\n\n\t\t\t\t\t\t<img alt=\"Circuito de Navarra, Mundial GT, Exhibici\u00f3n Bravo3 Repsol\"\n\t\t\t\t\t\t     src=\"https:\/\/www.juanvelarde26.com\/wp-content\/uploads\/2019\/06\/GOPR5092-copia-baja-300x200.jpg\"\n\t\t\t\t\t\t     data-image=\"https:\/\/www.juanvelarde26.com\/wp-content\/uploads\/2019\/06\/GOPR5092-copia-baja.jpg\"\n\t\t\t\t\t\t     title=\"Juan Velarde en acci\u00f3n en la exhibici\u00f3n del equipo acrob\u00e1tico Bravo3 Repsol en el GP de Espa\u00f1a en Jerez\"\n\t\t\t\t\t\t     style=\"display:none\">\n\n\t\t\t\t\t\t<img alt=\"Red Bull Air Race Kaz\u00e1n 2018\"\n\t\t\t\t\t\t     src=\"https:\/\/www.juanvelarde26.com\/wp-content\/uploads\/2019\/06\/AP-1WPR2QF112111_hires_jpeg_24bit_rgb_Fotor-b-300x200.jpg\"\n\t\t\t\t\t\t     data-image=\"https:\/\/www.juanvelarde26.com\/wp-content\/uploads\/2019\/06\/AP-1WPR2QF112111_hires_jpeg_24bit_rgb_Fotor-b.jpg\"\n\t\t\t\t\t\t     title=\"Juan Velarde se coloca el casco antes de volar en la Red Bull Air Race Kaz\u00e1n (Rusia) 2018\"\n\t\t\t\t\t\t     style=\"display:none\">\n\n\t\t\t\t\t\t<img alt=\"Juan Velarde Bravo3 Repsol MotoGP Montmel\u00f3\"\n\t\t\t\t\t\t     src=\"https:\/\/www.juanvelarde26.com\/wp-content\/uploads\/2019\/10\/G0010153-copia_b-300x194.jpg\"\n\t\t\t\t\t\t     data-image=\"https:\/\/www.juanvelarde26.com\/wp-content\/uploads\/2019\/10\/G0010153-copia_b.jpg\"\n\t\t\t\t\t\t     title=\"Juan Velarde  y Castor Fantoba Bravo3 Repsol\"\n\t\t\t\t\t\t     style=\"display:none\">\n\n\t\t\t\t\t\t<img alt=\"Juan Velarde Zivko Edge 540 Red Bull Air Race\"\n\t\t\t\t\t\t     src=\"https:\/\/www.juanvelarde26.com\/wp-content\/uploads\/2020\/04\/Juan-Velarde-Zivko-Edge-540-Red-Bull-Air-Race-300x200.jpg\"\n\t\t\t\t\t\t     data-image=\"https:\/\/www.juanvelarde26.com\/wp-content\/uploads\/2020\/04\/Juan-Velarde-Zivko-Edge-540-Red-Bull-Air-Race.jpg\"\n\t\t\t\t\t\t     title=\"\"\n\t\t\t\t\t\t     style=\"display:none\">\n\n\t\t\t\t\t\t<img alt=\"Juan Velarde Bravo3 Repsol\"\n\t\t\t\t\t\t     src=\"https:\/\/www.juanvelarde26.com\/wp-content\/uploads\/2019\/10\/bravo3_repsol_b-300x194.jpg\"\n\t\t\t\t\t\t     data-image=\"https:\/\/www.juanvelarde26.com\/wp-content\/uploads\/2019\/10\/bravo3_repsol_b.jpg\"\n\t\t\t\t\t\t     title=\"Juan Velarde  y Castor Fantoba Bravo3 Repsol\"\n\t\t\t\t\t\t     style=\"display:none\">\n\n\t\t\t\t\t\t<img alt=\"Juan Velarde VTM Red Bull Air Race\"\n\t\t\t\t\t\t     src=\"https:\/\/www.juanvelarde26.com\/wp-content\/uploads\/2020\/04\/juan-velarde-red-bull-air-race-vtm-300x200.jpg\"\n\t\t\t\t\t\t     data-image=\"https:\/\/www.juanvelarde26.com\/wp-content\/uploads\/2020\/04\/juan-velarde-red-bull-air-race-vtm.jpg\"\n\t\t\t\t\t\t     title=\"\"\n\t\t\t\t\t\t     style=\"display:none\">\n\n\t\t\t\t\t\t<img alt=\"Juan Velarde RBAR Kazan 2019\"\n\t\t\t\t\t\t     src=\"https:\/\/www.juanvelarde26.com\/wp-content\/uploads\/2020\/04\/Juan-Velarde-RBAR-Kazan-2-2019-300x200.jpg\"\n\t\t\t\t\t\t     data-image=\"https:\/\/www.juanvelarde26.com\/wp-content\/uploads\/2020\/04\/Juan-Velarde-RBAR-Kazan-2-2019.jpg\"\n\t\t\t\t\t\t     title=\"Juan Velarde RBAR Kazan 2019\"\n\t\t\t\t\t\t     style=\"display:none\">\n\n\t\t\t\t\t\t<img alt=\"Juan Velarde RBAR Austria 2018\"\n\t\t\t\t\t\t     src=\"https:\/\/www.juanvelarde26.com\/wp-content\/uploads\/2020\/04\/juan-velarde-red-bull-air-race-austria-2-2018-300x200.jpg\"\n\t\t\t\t\t\t     data-image=\"https:\/\/www.juanvelarde26.com\/wp-content\/uploads\/2020\/04\/juan-velarde-red-bull-air-race-austria-2-2018.jpg\"\n\t\t\t\t\t\t     title=\"Juan Velarde RBAR Austria 2018\"\n\t\t\t\t\t\t     style=\"display:none\">\n\n\t\t\t\t\t\t<img alt=\"Juan Velarde Extra 330LX\"\n\t\t\t\t\t\t     src=\"https:\/\/www.juanvelarde26.com\/wp-content\/uploads\/2020\/04\/juan-velarde-extra-abril-2020-300x200.jpg\"\n\t\t\t\t\t\t     data-image=\"https:\/\/www.juanvelarde26.com\/wp-content\/uploads\/2020\/04\/juan-velarde-extra-abril-2020.jpg\"\n\t\t\t\t\t\t     title=\"Juan Velarde Extra 330LX\"\n\t\t\t\t\t\t     style=\"display:none\">\n\n\t\t\t\t\t\t<img alt=\"Juan Velarde Red Bull Air Race Budapest\"\n\t\t\t\t\t\t     src=\"https:\/\/www.juanvelarde26.com\/wp-content\/uploads\/2020\/04\/juan-velarde-rbar-budapest-2018-300x200.jpg\"\n\t\t\t\t\t\t     data-image=\"https:\/\/www.juanvelarde26.com\/wp-content\/uploads\/2020\/04\/juan-velarde-rbar-budapest-2018.jpg\"\n\t\t\t\t\t\t     title=\"\"\n\t\t\t\t\t\t     style=\"display:none\">\n\n\t\t\t\t\t\t<img alt=\"Juan Velarde Bravo3 Repsol Al Ain Airshow\"\n\t\t\t\t\t\t     src=\"https:\/\/www.juanvelarde26.com\/wp-content\/uploads\/2019\/10\/G0012110-copia-2-300x194.jpg\"\n\t\t\t\t\t\t     data-image=\"https:\/\/www.juanvelarde26.com\/wp-content\/uploads\/2019\/10\/G0012110-copia-2.jpg\"\n\t\t\t\t\t\t     title=\"Juan Velarde  y Castor Fantoba Bravo3 Repsol\"\n\t\t\t\t\t\t     style=\"display:none\">\n\n\t\t\t\t\t\t<img alt=\"Juan Velarde Zivko Edge 540 Dashboard.\"\n\t\t\t\t\t\t     src=\"https:\/\/www.juanvelarde26.com\/wp-content\/uploads\/2020\/04\/Juan-Velarde-Zivko-Edge-540-Dashboard-300x200.jpg\"\n\t\t\t\t\t\t     data-image=\"https:\/\/www.juanvelarde26.com\/wp-content\/uploads\/2020\/04\/Juan-Velarde-Zivko-Edge-540-Dashboard.jpg\"\n\t\t\t\t\t\t     title=\"Juan Velarde Zivko Edge 540 Dashboard.\"\n\t\t\t\t\t\t     style=\"display:none\">\n\n\t\t\t\t\t\t<img alt=\"Bravo3 Repsol Sukhoi 26\"\n\t\t\t\t\t\t     src=\"https:\/\/www.juanvelarde26.com\/wp-content\/uploads\/2019\/06\/002-TIFF-SUPER-BAJA-RESOLUCION-copia-300x200.jpg\"\n\t\t\t\t\t\t     data-image=\"https:\/\/www.juanvelarde26.com\/wp-content\/uploads\/2019\/06\/002-TIFF-SUPER-BAJA-RESOLUCION-copia.jpg\"\n\t\t\t\t\t\t     title=\"\"\n\t\t\t\t\t\t     style=\"display:none\">\n\n\t\t\t\t\t\t<img alt=\"Red Bull Air Race Indianapolis 2017\"\n\t\t\t\t\t\t     src=\"https:\/\/www.juanvelarde26.com\/wp-content\/uploads\/2017\/10\/P-20171015-01561_hires_jpeg_24bit_rgb-1-300x200.jpg\"\n\t\t\t\t\t\t     data-image=\"https:\/\/www.juanvelarde26.com\/wp-content\/uploads\/2017\/10\/P-20171015-01561_hires_jpeg_24bit_rgb-1.jpg\"\n\t\t\t\t\t\t     title=\"Juan Velarde sobre el podio de la Red Bull Air Race de Indian\u00e1polis (Indiana, USA) en 2017.\"\n\t\t\t\t\t\t     style=\"display:none\">\n\n\t\t\t\t\t\t<img alt=\"Juan Velarde Bravo3 Repsol\"\n\t\t\t\t\t\t     src=\"https:\/\/www.juanvelarde26.com\/wp-content\/uploads\/2019\/06\/001-TIFF-SUPER-BAJA-RESOLUCION-copia-300x200.jpg\"\n\t\t\t\t\t\t     data-image=\"https:\/\/www.juanvelarde26.com\/wp-content\/uploads\/2019\/06\/001-TIFF-SUPER-BAJA-RESOLUCION-copia.jpg\"\n\t\t\t\t\t\t     title=\"Juan Velarde y C\u00e1stor Fantoba, del equipo acrob\u00e1tico Bravo3 Repsol, vuelan en formaci\u00f3n.\"\n\t\t\t\t\t\t     style=\"display:none\">\n\n\t\t\t\t\t\t<img alt=\"Red Bull Air Race Lausitzring 2017\"\n\t\t\t\t\t\t     src=\"https:\/\/www.juanvelarde26.com\/wp-content\/uploads\/2019\/06\/AP-1T85574NW1W11_hires_jpeg_24bit_rgb-b-300x200.jpg\"\n\t\t\t\t\t\t     data-image=\"https:\/\/www.juanvelarde26.com\/wp-content\/uploads\/2019\/06\/AP-1T85574NW1W11_hires_jpeg_24bit_rgb-b.jpg\"\n\t\t\t\t\t\t     title=\"Juan Velarde en Red Bull Air Race Lausitzring (Alemania) 2017\"\n\t\t\t\t\t\t     style=\"display:none\">\n\n\t\t\t\t\t\t<img alt=\"Red Bull Air Race Wienner-Neustadt 2018\"\n\t\t\t\t\t\t     src=\"https:\/\/www.juanvelarde26.com\/wp-content\/uploads\/2019\/06\/AP-1WW8VUHCD2111_news-b-300x200.jpg\"\n\t\t\t\t\t\t     data-image=\"https:\/\/www.juanvelarde26.com\/wp-content\/uploads\/2019\/06\/AP-1WW8VUHCD2111_news-b.jpg\"\n\t\t\t\t\t\t     title=\"Juan Velarde realiza visualizaciones antes de volar en la Red Bull Air Race Wienner-Neustadt \n(Austria) 2018\"\n\t\t\t\t\t\t     style=\"display:none\">\n\n\t\t\t\t\t\t<img alt=\"Extra 330lx Hamilton Savage\"\n\t\t\t\t\t\t     src=\"https:\/\/www.juanvelarde26.com\/wp-content\/uploads\/2020\/01\/extra-330lx-hamilton-savage-300x200.jpg\"\n\t\t\t\t\t\t     data-image=\"https:\/\/www.juanvelarde26.com\/wp-content\/uploads\/2020\/01\/extra-330lx-hamilton-savage.jpg\"\n\t\t\t\t\t\t     title=\"Extra 330lx Hamilton\"\n\t\t\t\t\t\t     style=\"display:none\">\n\n\t\t\t\t\t\t<img alt=\"Juan Velarde\"\n\t\t\t\t\t\t     src=\"https:\/\/www.juanvelarde26.com\/wp-content\/uploads\/2020\/01\/juan-verlarde-gorra-gris-300x167.jpg\"\n\t\t\t\t\t\t     data-image=\"https:\/\/www.juanvelarde26.com\/wp-content\/uploads\/2020\/01\/juan-verlarde-gorra-gris.jpg\"\n\t\t\t\t\t\t     title=\"Juan Velarde\"\n\t\t\t\t\t\t     style=\"display:none\">\n\n\t\t\t\t\t\t<img alt=\"Juan Velarde Fundaci\u00f3n Infante de Orleans\"\n\t\t\t\t\t\t     src=\"https:\/\/www.juanvelarde26.com\/wp-content\/uploads\/2020\/04\/juan-velarde-fio-2018-300x200.jpg\"\n\t\t\t\t\t\t     data-image=\"https:\/\/www.juanvelarde26.com\/wp-content\/uploads\/2020\/04\/juan-velarde-fio-2018.jpg\"\n\t\t\t\t\t\t     title=\"Juan Velarde Exhibici\u00f3n FIO 2018\"\n\t\t\t\t\t\t     style=\"display:none\">\n\n\t\t\t\t\t\t<img alt=\"Red Bull Air Race Kaz\u00e1n 2019\"\n\t\t\t\t\t\t     src=\"https:\/\/www.juanvelarde26.com\/wp-content\/uploads\/2019\/06\/AP-1ZN5BY3G12111_news-b-300x200.jpg\"\n\t\t\t\t\t\t     data-image=\"https:\/\/www.juanvelarde26.com\/wp-content\/uploads\/2019\/06\/AP-1ZN5BY3G12111_news-b.jpg\"\n\t\t\t\t\t\t     title=\"Juan Velarde en acci\u00f3n en la Red Bull Air Race Kaz\u00e1n (Rusia) 2019\"\n\t\t\t\t\t\t     style=\"display:none\">\n\n\t\t\t\t\t\t<img alt=\"Red Bull Air Race Abu Dhabi 2016\"\n\t\t\t\t\t\t     src=\"https:\/\/www.juanvelarde26.com\/wp-content\/uploads\/2019\/06\/AP-1MNU53JK12111_hires_jpeg_24bit_rgb_Fotor2-b-300x200.jpg\"\n\t\t\t\t\t\t     data-image=\"https:\/\/www.juanvelarde26.com\/wp-content\/uploads\/2019\/06\/AP-1MNU53JK12111_hires_jpeg_24bit_rgb_Fotor2-b.jpg\"\n\t\t\t\t\t\t     title=\"\"\n\t\t\t\t\t\t     style=\"display:none\">\n\n\t\t\t\t\t\t<img alt=\"Juan Velarde Red Bull Air Race Hungr\u00eda 2019\"\n\t\t\t\t\t\t     src=\"https:\/\/www.juanvelarde26.com\/wp-content\/uploads\/2020\/04\/juan-velarde-rbar-japon-2019-300x200.jpg\"\n\t\t\t\t\t\t     data-image=\"https:\/\/www.juanvelarde26.com\/wp-content\/uploads\/2020\/04\/juan-velarde-rbar-japon-2019.jpg\"\n\t\t\t\t\t\t     title=\"\"\n\t\t\t\t\t\t     style=\"display:none\">\n\n\t\t\t\t\t\t<img alt=\"Bravo3 Repsol MotoGP Montmel\u00f3 \"\n\t\t\t\t\t\t     src=\"https:\/\/www.juanvelarde26.com\/wp-content\/uploads\/2019\/06\/la-foto-1_Fotor-b-300x200.jpg\"\n\t\t\t\t\t\t     data-image=\"https:\/\/www.juanvelarde26.com\/wp-content\/uploads\/2019\/06\/la-foto-1_Fotor-b.jpg\"\n\t\t\t\t\t\t     title=\"Juan Velarde y C\u00e1stor Fantoba del equipo Bravo3 Repsol vuelan en formaci\u00f3n\"\n\t\t\t\t\t\t     style=\"display:none\">\n\n\t\t\t\t\t\t<img alt=\"Red Bull Air Race Kaz\u00e1n 2019\"\n\t\t\t\t\t\t     src=\"https:\/\/www.juanvelarde26.com\/wp-content\/uploads\/2019\/06\/AP-1ZMHRPA7S2111_hires_jpeg_24bit_rgb-b-300x200.jpg\"\n\t\t\t\t\t\t     data-image=\"https:\/\/www.juanvelarde26.com\/wp-content\/uploads\/2019\/06\/AP-1ZMHRPA7S2111_hires_jpeg_24bit_rgb-b.jpg\"\n\t\t\t\t\t\t     title=\"Juan Velarde \"\n\t\t\t\t\t\t     style=\"display:none\">\n\n\t\t\t\t\t\t<img alt=\"Juan Velarde FIO Sukhoi SU-26\"\n\t\t\t\t\t\t     src=\"https:\/\/www.juanvelarde26.com\/wp-content\/uploads\/2020\/02\/fio-febrero-miguspotter-b-300x200.jpg\"\n\t\t\t\t\t\t     data-image=\"https:\/\/www.juanvelarde26.com\/wp-content\/uploads\/2020\/02\/fio-febrero-miguspotter-b.jpg\"\n\t\t\t\t\t\t     title=\"Juan Velarde FIO Sukhoi SU-26\"\n\t\t\t\t\t\t     style=\"display:none\">\n\n\t\t\t\t\t\t<img alt=\"Juan Velarde Extra 330LX\"\n\t\t\t\t\t\t     src=\"https:\/\/www.juanvelarde26.com\/wp-content\/uploads\/2020\/04\/juan-velarde-extra-1080-300x200.jpg\"\n\t\t\t\t\t\t     data-image=\"https:\/\/www.juanvelarde26.com\/wp-content\/uploads\/2020\/04\/juan-velarde-extra-1080.jpg\"\n\t\t\t\t\t\t     title=\"\"\n\t\t\t\t\t\t     style=\"display:none\">\n\n\t\t\t\t\t\t<img alt=\"Juan Velarde RBAR Abu Dabi 2019\"\n\t\t\t\t\t\t     src=\"https:\/\/www.juanvelarde26.com\/wp-content\/uploads\/2020\/04\/Team-Velarde-RBAR-Abu-Dabi-2-2019-300x200.jpg\"\n\t\t\t\t\t\t     data-image=\"https:\/\/www.juanvelarde26.com\/wp-content\/uploads\/2020\/04\/Team-Velarde-RBAR-Abu-Dabi-2-2019.jpg\"\n\t\t\t\t\t\t     title=\"Juan Velarde RBAR Abu Dabi 2019\"\n\t\t\t\t\t\t     style=\"display:none\">\n\n\t\t\t\t\t\t<img alt=\"Juan Velarde RBAR Entrenamiento rescate\"\n\t\t\t\t\t\t     src=\"https:\/\/www.juanvelarde26.com\/wp-content\/uploads\/2020\/04\/juan-velarde-entrenamiento-rescate-agua-300x200.jpg\"\n\t\t\t\t\t\t     data-image=\"https:\/\/www.juanvelarde26.com\/wp-content\/uploads\/2020\/04\/juan-velarde-entrenamiento-rescate-agua.jpg\"\n\t\t\t\t\t\t     title=\"Juan Velarde RBAR Entrenamiento rescate en agua\"\n\t\t\t\t\t\t     style=\"display:none\">\n\n\t\t\t\t\t\t<img alt=\"Juan Velarde RBAR Kaz\u00e1n 2018\"\n\t\t\t\t\t\t     src=\"https:\/\/www.juanvelarde26.com\/wp-content\/uploads\/2020\/04\/Juan-Velarde-Red-Bull-Air-Race-300x200.jpg\"\n\t\t\t\t\t\t     data-image=\"https:\/\/www.juanvelarde26.com\/wp-content\/uploads\/2020\/04\/Juan-Velarde-Red-Bull-Air-Race.jpg\"\n\t\t\t\t\t\t     title=\"Juan Velarde RBAR Kaz\u00e1n 2018\"\n\t\t\t\t\t\t     style=\"display:none\">\n\n\t\t\t\t\t\t<img alt=\"Juan Velarde RBAR Kazan 2019\"\n\t\t\t\t\t\t     src=\"https:\/\/www.juanvelarde26.com\/wp-content\/uploads\/2020\/04\/Juan-Velarde-RBAR-Kazan-2019-300x200.jpg\"\n\t\t\t\t\t\t     data-image=\"https:\/\/www.juanvelarde26.com\/wp-content\/uploads\/2020\/04\/Juan-Velarde-RBAR-Kazan-2019.jpg\"\n\t\t\t\t\t\t     title=\"Juan Velarde RBAR Kazan 2019\"\n\t\t\t\t\t\t     style=\"display:none\">\n\n\t\t\t\t\t\t<img alt=\"Juan Velarde RBAR Balaton 2019\"\n\t\t\t\t\t\t     src=\"https:\/\/www.juanvelarde26.com\/wp-content\/uploads\/2020\/04\/Juan-Velarde-RBAR-Balaton-2019-300x200.jpg\"\n\t\t\t\t\t\t     data-image=\"https:\/\/www.juanvelarde26.com\/wp-content\/uploads\/2020\/04\/Juan-Velarde-RBAR-Balaton-2019.jpg\"\n\t\t\t\t\t\t     title=\"Juan Velarde RBAR Balaton 2019\"\n\t\t\t\t\t\t     style=\"display:none\">\n\n\t\t\t\t\t\t<img alt=\"Juan Velarde FIO\"\n\t\t\t\t\t\t     src=\"https:\/\/www.juanvelarde26.com\/wp-content\/uploads\/2020\/08\/juan-velarde-fio-alejo-barja-300x200.jpg\"\n\t\t\t\t\t\t     data-image=\"https:\/\/www.juanvelarde26.com\/wp-content\/uploads\/2020\/08\/juan-velarde-fio-alejo-barja.jpg\"\n\t\t\t\t\t\t     title=\"Juan Velarde FIO. Foto Alejo Barja\"\n\t\t\t\t\t\t     style=\"display:none\">\n\n\t\t\t\t\t\t<img alt=\"Juan Velarde Bravo3 Repsol\"\n\t\t\t\t\t\t     src=\"https:\/\/www.juanvelarde26.com\/wp-content\/uploads\/2020\/08\/juan-velarde-bravo3-repsol-castor-fantoba-300x200.jpg\"\n\t\t\t\t\t\t     data-image=\"https:\/\/www.juanvelarde26.com\/wp-content\/uploads\/2020\/08\/juan-velarde-bravo3-repsol-castor-fantoba.jpg\"\n\t\t\t\t\t\t     title=\"Juan Velarde y Castor Fantoba Bravo3 Repsol\"\n\t\t\t\t\t\t     style=\"display:none\">\n\n\t\t\t\t\t\t<img alt=\"Juan Velarde Red Bull Air Race\"\n\t\t\t\t\t\t     src=\"https:\/\/www.juanvelarde26.com\/wp-content\/uploads\/2020\/08\/juan-velarde-redbull-air-race-alemania-300x200.jpg\"\n\t\t\t\t\t\t     data-image=\"https:\/\/www.juanvelarde26.com\/wp-content\/uploads\/2020\/08\/juan-velarde-redbull-air-race-alemania.jpg\"\n\t\t\t\t\t\t     title=\"Juan Velarde Red Bull Air Race\"\n\t\t\t\t\t\t     style=\"display:none\">\n\n\t\t\t\t\t\t<img alt=\"Juan Velarde CEVA\"\n\t\t\t\t\t\t     src=\"https:\/\/www.juanvelarde26.com\/wp-content\/uploads\/2020\/08\/juan-velarde-CEVA-miguspotter-300x214.jpg\"\n\t\t\t\t\t\t     data-image=\"https:\/\/www.juanvelarde26.com\/wp-content\/uploads\/2020\/08\/juan-velarde-CEVA-miguspotter.jpg\"\n\t\t\t\t\t\t     title=\"Juan Velarde CEVA. Foto Miguspotter\"\n\t\t\t\t\t\t     style=\"display:none\">\n\n\t\t\t\t\t\t<img alt=\"Red Bull Air Race Indian\u00e1polos 2018\"\n\t\t\t\t\t\t     src=\"https:\/\/www.juanvelarde26.com\/wp-content\/uploads\/2018\/11\/juan-velarde-red-bull-air-race-indy-2018-2-300x200.jpg\"\n\t\t\t\t\t\t     data-image=\"https:\/\/www.juanvelarde26.com\/wp-content\/uploads\/2018\/11\/juan-velarde-red-bull-air-race-indy-2018-2.jpg\"\n\t\t\t\t\t\t     title=\"Juan Velarde en el cockpit en la Red Bull Air Race Indianapolis (Indiana, USA) en 2018.\"\n\t\t\t\t\t\t     style=\"display:none\">\n\n\t\t\t\t\t\t<img alt=\"Juan Velarde FIO marxzo 2024\"\n\t\t\t\t\t\t     src=\"https:\/\/www.juanvelarde26.com\/wp-content\/uploads\/2024\/03\/WhatsApp-Image-2024-03-05-at-12.40.30-300x200.jpeg\"\n\t\t\t\t\t\t     data-image=\"https:\/\/www.juanvelarde26.com\/wp-content\/uploads\/2024\/03\/WhatsApp-Image-2024-03-05-at-12.40.30.jpeg\"\n\t\t\t\t\t\t     title=\"Juan Velarde FIO marxzo 2024\"\n\t\t\t\t\t\t     style=\"display:none\">\n\t\t\t<\/div>\n\n\t\t\t<script type='text\/javascript'>\n\t\t\t\twindow.onload = function(e) {\n\t\t\t\t\tif(typeof ugCheckForErrors == \"undefined\")\n\t\t\t\t\t\tdocument.getElementById(\"unitegallery_33_1\").innerHTML = \"<span style='color:red'>Unite Gallery Error - gallery js and css files not included in the footer. Please make sure that wp_footer() function is added to your theme.<\/span>\";\n\t\t\t\t\telse ugCheckForErrors(\"unitegallery_33_1\", \"jquery\");\n\t\t\t\t}\n\t\t\t<\/script>\n\n\t\t\t<!-- END UNITEGALLERY -->[\/vc_column_text][\/vc_column][\/vc_row][vc_column][\/vc_column][vc_column_text]\n<h3><\/h3>\n<h3><\/h3>\n<p>&nbsp;<\/p>\n<p>&nbsp;<\/p>\n<p>I am text block. Click edit button to change this text. Lorem ipsum dolor sit amet, consectetur adipiscing elit. Ut elit tellus, luctus nec ullamcorper mattis, pulvinar dapibus leo.<\/p>\n[\/vc_column_text]","protected":false},"excerpt":{"rendered":"<p>[vc_row][vc_column][vc_column_text] Juan Velarde&#8217;s Photos [\/vc_column_text][\/vc_column][\/vc_row][vc_column][\/vc_column][vc_column_text] &nbsp; &nbsp; I am text block. Click edit button to change this text. Lorem ipsum dolor sit amet, consectetur adipiscing elit. Ut elit tellus, luctus nec ullamcorper mattis, pulvinar dapibus leo. [\/vc_column_text]<\/p>\n","protected":false},"author":1,"featured_media":0,"parent":79,"menu_order":0,"comment_status":"open","ping_status":"open","template":"page-full.php","meta":[],"_links":{"self":[{"href":"https:\/\/www.juanvelarde26.com\/en\/wp-json\/wp\/v2\/pages\/85"}],"collection":[{"href":"https:\/\/www.juanvelarde26.com\/en\/wp-json\/wp\/v2\/pages"}],"about":[{"href":"https:\/\/www.juanvelarde26.com\/en\/wp-json\/wp\/v2\/types\/page"}],"author":[{"embeddable":true,"href":"https:\/\/www.juanvelarde26.com\/en\/wp-json\/wp\/v2\/users\/1"}],"replies":[{"embeddable":true,"href":"https:\/\/www.juanvelarde26.com\/en\/wp-json\/wp\/v2\/comments?post=85"}],"version-history":[{"count":80,"href":"https:\/\/www.juanvelarde26.com\/en\/wp-json\/wp\/v2\/pages\/85\/revisions"}],"predecessor-version":[{"id":2294,"href":"https:\/\/www.juanvelarde26.com\/en\/wp-json\/wp\/v2\/pages\/85\/revisions\/2294"}],"up":[{"embeddable":true,"href":"https:\/\/www.juanvelarde26.com\/en\/wp-json\/wp\/v2\/pages\/79"}],"wp:attachment":[{"href":"https:\/\/www.juanvelarde26.com\/en\/wp-json\/wp\/v2\/media?parent=85"}],"curies":[{"name":"wp","href":"https:\/\/api.w.org\/{rel}","templated":true}]}}