{"id":94,"date":"2015-04-27T17:18:25","date_gmt":"2015-04-27T17:18:25","guid":{"rendered":"http:\/\/www.juanvelarde26.es\/?page_id=94"},"modified":"2018-03-11T15:56:46","modified_gmt":"2018-03-11T15:56:46","slug":"video","status":"publish","type":"page","link":"https:\/\/www.juanvelarde26.com\/en\/galeria\/video\/","title":{"rendered":"Video"},"content":{"rendered":"[vc_row][vc_column width=&#8221;1\/1&#8243;][vc_column_text]\n\n\t\t\t\t\t\n\n\t\t\t\t\t<!-- START UNITE GALLERY 1.6.7 -->\n\t\t\t\t\t\n\t\t\t\t\n\t\t\t<div id='unitegallery_9_1' class='unite-gallery' style='margin:0px auto;'>\n\t\t\t\t\n\n\t\t\t\t\t\t<img alt=\"Juan Velarde en la Air Race X 2025\"\n\t\t\t\t\t\t    data-type=\"youtube\"  src=\"https:\/\/img.youtube.com\/vi\/s-3R24lM6bM\/mqdefault.jpg\"\n\t\t\t\t\t\t     data-image=\"https:\/\/img.youtube.com\/vi\/s-3R24lM6bM\/sddefault.jpg\"\n\t\t\t\t\t\t     title=\"Una nueva edici\u00f3n de la Air Race X, carrera de velocidad a\u00e9rea, que mezcla competici\u00f3n real y realidad virtual, se celebr\u00f3 en Casarrubios del Monte. Cont\u00f3 con la participaci\u00f3n del piloto madrile\u00f1o Juan Velarde y el franc\u00e9s Mika Brageot.\"\n\t\t\t\t\t\t     data-videoid=\"s-3R24lM6bM\" style=\"display:none\">\n\n\t\t\t\t\t\t<img alt=\"Entrevista en Cent\u00edmetros C\u00fabicos\"\n\t\t\t\t\t\t    data-type=\"youtube\"  src=\"https:\/\/img.youtube.com\/vi\/XuHBTKSwh-Y\/mqdefault.jpg\"\n\t\t\t\t\t\t     data-image=\"https:\/\/img.youtube.com\/vi\/XuHBTKSwh-Y\/sddefault.jpg\"\n\t\t\t\t\t\t     title=\"Entrevista a Juan Velarde en el programa de Atresmedia Cent\u00edmetros C\u00fabicos.\"\n\t\t\t\t\t\t     data-videoid=\"XuHBTKSwh-Y\" style=\"display:none\">\n\n\t\t\t\t\t\t<img alt=\"Alas de la Sonrisa 2024\"\n\t\t\t\t\t\t    data-type=\"youtube\"  src=\"https:\/\/img.youtube.com\/vi\/BqNW3sY_7Jo\/mqdefault.jpg\"\n\t\t\t\t\t\t     data-image=\"https:\/\/img.youtube.com\/vi\/BqNW3sY_7Jo\/sddefault.jpg\"\n\t\t\t\t\t\t     title=\"Aviaci\u00f3n Sin Fronteras organiz\u00f3 Alas de la Sonrisa en el Hangar del team velarde\"\n\t\t\t\t\t\t     data-videoid=\"BqNW3sY_7Jo\" style=\"display:none\">\n\n\t\t\t\t\t\t<img alt=\"Juan Velarde en la Air Race Championship\"\n\t\t\t\t\t\t    data-type=\"youtube\"  src=\"https:\/\/img.youtube.com\/vi\/7pLGD6h3MCs\/mqdefault.jpg\"\n\t\t\t\t\t\t     data-image=\"https:\/\/img.youtube.com\/vi\/7pLGD6h3MCs\/sddefault.jpg\"\n\t\t\t\t\t\t     title=\"Juan Velarde en la Air Race Championship en Ponte de Sor\"\n\t\t\t\t\t\t     data-videoid=\"7pLGD6h3MCs\" style=\"display:none\">\n\n\t\t\t\t\t\t<img alt=\"El Team Velarde en la Air Race X\"\n\t\t\t\t\t\t    data-type=\"youtube\"  src=\"https:\/\/img.youtube.com\/vi\/WLBz1qUDCkY\/mqdefault.jpg\"\n\t\t\t\t\t\t     data-image=\"https:\/\/img.youtube.com\/vi\/WLBz1qUDCkY\/sddefault.jpg\"\n\t\t\t\t\t\t     title=\"Juan Velarde particip\u00f3 en las tres carreras de la Air Race X 2024\"\n\t\t\t\t\t\t     data-videoid=\"WLBz1qUDCkY\" style=\"display:none\">\n\n\t\t\t\t\t\t<img alt=\"Festivales A\u00e9reos 2024\"\n\t\t\t\t\t\t    data-type=\"youtube\"  src=\"https:\/\/img.youtube.com\/vi\/y_mqlqjz0J4\/mqdefault.jpg\"\n\t\t\t\t\t\t     data-image=\"https:\/\/img.youtube.com\/vi\/y_mqlqjz0J4\/sddefault.jpg\"\n\t\t\t\t\t\t     title=\"Juan Velarde particip\u00f3 en los Festivales A\u00e9reos de 2024 en Espa\u00f1a y Portugal\"\n\t\t\t\t\t\t     data-videoid=\"y_mqlqjz0J4\" style=\"display:none\">\n\n\t\t\t\t\t\t<img alt=\"Evento Repsol en el hangar del Team Velarde\"\n\t\t\t\t\t\t    data-type=\"youtube\"  src=\"https:\/\/img.youtube.com\/vi\/ZYIhVEa8La4\/mqdefault.jpg\"\n\t\t\t\t\t\t     data-image=\"https:\/\/img.youtube.com\/vi\/ZYIhVEa8La4\/sddefault.jpg\"\n\t\t\t\t\t\t     title=\"El Team Velarde recibi\u00f3 una visita muy especial de la Direcci\u00f3n de Talento, Cultura y Transformaci\u00f3n de Repsol.\"\n\t\t\t\t\t\t     data-videoid=\"ZYIhVEa8La4\" style=\"display:none\">\n\n\t\t\t\t\t\t<img alt=\"Juan Velarde en la Air Race Championship Demo\"\n\t\t\t\t\t\t    data-type=\"youtube\"  src=\"https:\/\/img.youtube.com\/vi\/cz6liV8fNq0\/mqdefault.jpg\"\n\t\t\t\t\t\t     data-image=\"https:\/\/img.youtube.com\/vi\/cz6liV8fNq0\/sddefault.jpg\"\n\t\t\t\t\t\t     title=\"Juan Velarde particip\u00f3 junto a Mika Brageot y Nicolas Ivanoff en la demo de Air Race Championship (ARC) en el marco del PortugalAir Summit.\"\n\t\t\t\t\t\t     data-videoid=\"cz6liV8fNq0\" style=\"display:none\">\n\n\t\t\t\t\t\t<img alt=\"Air Race X: Juan Velarde, cuarto\"\n\t\t\t\t\t\t    data-type=\"youtube\"  src=\"https:\/\/img.youtube.com\/vi\/e5zlnQtraIo\/mqdefault.jpg\"\n\t\t\t\t\t\t     data-image=\"https:\/\/img.youtube.com\/vi\/e5zlnQtraIo\/sddefault.jpg\"\n\t\t\t\t\t\t     title=\"El piloto espa\u00f1ol Juan Velarde finaliz\u00f3 cuarto en la revolucionaria Air Race X.\"\n\t\t\t\t\t\t     data-videoid=\"e5zlnQtraIo\" style=\"display:none\">\n\n\t\t\t\t\t\t<img alt=\"Joan Mir, campe\u00f3n de MotoGP, vuela con Juan Velarde\"\n\t\t\t\t\t\t    data-type=\"youtube\"  src=\"https:\/\/img.youtube.com\/vi\/XfyCs7iN7QA\/mqdefault.jpg\"\n\t\t\t\t\t\t     data-image=\"https:\/\/img.youtube.com\/vi\/XfyCs7iN7QA\/sddefault.jpg\"\n\t\t\t\t\t\t     title=\"El campe\u00f3n del mundo de MotoGP 2020 Joan Mir vol\u00f3 con Juan Velarde en el Extra 330 LX\"\n\t\t\t\t\t\t     data-videoid=\"XfyCs7iN7QA\" style=\"display:none\">\n\n\t\t\t\t\t\t<img alt=\"Juan Velarde en el CEVA 2023 Free Style\"\n\t\t\t\t\t\t    data-type=\"youtube\"  src=\"https:\/\/img.youtube.com\/vi\/uepA59Ncq6g\/mqdefault.jpg\"\n\t\t\t\t\t\t     data-image=\"https:\/\/img.youtube.com\/vi\/uepA59Ncq6g\/sddefault.jpg\"\n\t\t\t\t\t\t     title=\"Juan Velarde subi\u00f3 al podio en el Campeonato de Espa\u00f1a de Vuelo Acrob\u00e1tico 2023 en la categor\u00eda Free Style. El CEVA 2023 se disput\u00f3 en el Aer\u00f3dromo de La Caminera.\"\n\t\t\t\t\t\t     data-videoid=\"uepA59Ncq6g\" style=\"display:none\">\n\n\t\t\t\t\t\t<img alt=\"Juan Velarde y Patrick Koch vuelan con Jiaping para La Sexta (2)\"\n\t\t\t\t\t\t    data-type=\"youtube\"  src=\"https:\/\/img.youtube.com\/vi\/mLvZFAxL67c\/mqdefault.jpg\"\n\t\t\t\t\t\t     data-image=\"https:\/\/img.youtube.com\/vi\/mLvZFAxL67c\/sddefault.jpg\"\n\t\t\t\t\t\t     title=\"Juan Velarde y patrick Koch volaron en formaci\u00f3n con Jiaping, reportera de La Sexta. No te pierdas la segunda parte del divertido v\u00eddeo.\"\n\t\t\t\t\t\t     data-videoid=\"mLvZFAxL67c\" style=\"display:none\">\n\n\t\t\t\t\t\t<img alt=\"Juan Velarde y Patrick Koch vuelan con Jiaping para La Sexta (1)\"\n\t\t\t\t\t\t    data-type=\"youtube\"  src=\"https:\/\/img.youtube.com\/vi\/Z515sXiQMdI\/mqdefault.jpg\"\n\t\t\t\t\t\t     data-image=\"https:\/\/img.youtube.com\/vi\/Z515sXiQMdI\/sddefault.jpg\"\n\t\t\t\t\t\t     title=\"Juan Velarde y patrick Koch volaron en formaci\u00f3n con Jiaping, reportera de La Sexta. No te pierdas la primera parte del divertido v\u00eddeo.\"\n\t\t\t\t\t\t     data-videoid=\"Z515sXiQMdI\" style=\"display:none\">\n\n\t\t\t\t\t\t<img alt=\"Juan Velarde entrena para el CEVA 2023 en Telemadrid\"\n\t\t\t\t\t\t    data-type=\"youtube\"  src=\"https:\/\/img.youtube.com\/vi\/IT8iIrOvjZ8\/mqdefault.jpg\"\n\t\t\t\t\t\t     data-image=\"https:\/\/img.youtube.com\/vi\/IT8iIrOvjZ8\/sddefault.jpg\"\n\t\t\t\t\t\t     title=\"Juan Velarde entrena para el Campeonato de Espa\u00f1a de Vuelo Acrob\u00e1tico 2023 en Telemadrid\"\n\t\t\t\t\t\t     data-videoid=\"IT8iIrOvjZ8\" style=\"display:none\">\n\n\t\t\t\t\t\t<img alt=\"Dani Mateo (Telemadrid) vuela con Juan Velarde\"\n\t\t\t\t\t\t    data-type=\"youtube\"  src=\"https:\/\/img.youtube.com\/vi\/8EJgXIaER0Q\/mqdefault.jpg\"\n\t\t\t\t\t\t     data-image=\"https:\/\/img.youtube.com\/vi\/8EJgXIaER0Q\/sddefault.jpg\"\n\t\t\t\t\t\t     title=\"El reportero de Telemadrid Dani Mateo vol\u00f3 con Juan Velarde justo antes del Campeonato de Espa\u00f1a de Vuelo Acrob\u00e1tico.\"\n\t\t\t\t\t\t     data-videoid=\"8EJgXIaER0Q\" style=\"display:none\">\n\n\t\t\t\t\t\t<img alt=\"Alas de la Sonrisa 2023 en Telemadrid\"\n\t\t\t\t\t\t    data-type=\"youtube\"  src=\"https:\/\/img.youtube.com\/vi\/O83ZZKzCVxs\/mqdefault.jpg\"\n\t\t\t\t\t\t     data-image=\"https:\/\/img.youtube.com\/vi\/O83ZZKzCVxs\/sddefault.jpg\"\n\t\t\t\t\t\t     title=\"Los pilotos solidarios de Alas de la Sonrisa volvieron a volar delante de un centenar de ni\u00f1os enfermos de c\u00e1ncer, capitaneados por el embajador de Aviaci\u00f3n Sin Fronteras Juan Velarde.\"\n\t\t\t\t\t\t     data-videoid=\"O83ZZKzCVxs\" style=\"display:none\">\n\n\t\t\t\t\t\t<img alt=\"Alas de la Sonrisa 2023 en TVE\"\n\t\t\t\t\t\t    data-type=\"youtube\"  src=\"https:\/\/img.youtube.com\/vi\/4x4AZHBXsz8\/mqdefault.jpg\"\n\t\t\t\t\t\t     data-image=\"https:\/\/img.youtube.com\/vi\/4x4AZHBXsz8\/sddefault.jpg\"\n\t\t\t\t\t\t     title=\"Los pilotos solidarios de Alas de la Sonrisa hicieron disfrutar de un espect\u00e1culo de aviaci\u00f3n a cien ni\u00f1os con c\u00e1ncer gracias a la ONG Aviaci\u00f3n Sin Fronteras y de la mano de Juan Velarde.\"\n\t\t\t\t\t\t     data-videoid=\"4x4AZHBXsz8\" style=\"display:none\">\n\n\t\t\t\t\t\t<img alt=\"Juan Velarde y el Aston Martin Speedster\"\n\t\t\t\t\t\t    data-type=\"youtube\"  src=\"https:\/\/img.youtube.com\/vi\/rPSKi2FNIXo\/mqdefault.jpg\"\n\t\t\t\t\t\t     data-image=\"https:\/\/img.youtube.com\/vi\/rPSKi2FNIXo\/sddefault.jpg\"\n\t\t\t\t\t\t     title=\"El piloto de vuelo acrob\u00e1tico Juan Velarde partici\u00f3 en una entrega muy especial: la de un Aston Martin Speedster en el Aer\u00f3dromo de Casarrubios del Monte en Toledo. PAra amenizarla Juan Velarde realiz\u00f3 una exhibici\u00f3n de vuelo acrob\u00e1tico.\"\n\t\t\t\t\t\t     data-videoid=\"rPSKi2FNIXo\" style=\"display:none\">\n\n\t\t\t\t\t\t<img alt=\"Juan Velarde y Maikel Melero unen vuelo acrob\u00e1tico y FMX\"\n\t\t\t\t\t\t    data-type=\"youtube\"  src=\"https:\/\/img.youtube.com\/vi\/zaezOcRBd6U\/mqdefault.jpg\"\n\t\t\t\t\t\t     data-image=\"https:\/\/img.youtube.com\/vi\/zaezOcRBd6U\/sddefault.jpg\"\n\t\t\t\t\t\t     title=\"Juan Velarde y Maikel Melero unen vuelo acrob\u00e1tico y FMX en una maniobra nunca vista antes en Espa\u00f1a. Muy pronto en Mega.\"\n\t\t\t\t\t\t     data-videoid=\"zaezOcRBd6U\" style=\"display:none\">\n\n\t\t\t\t\t\t<img alt=\"\u00a1Vuela con nosotros!\"\n\t\t\t\t\t\t    data-type=\"youtube\"  src=\"https:\/\/img.youtube.com\/vi\/-P0WFy6kT64\/mqdefault.jpg\"\n\t\t\t\t\t\t     data-image=\"https:\/\/img.youtube.com\/vi\/-P0WFy6kT64\/sddefault.jpg\"\n\t\t\t\t\t\t     title=\"Vive una experiencia de vuelo \u00fanica de la mano del Club Suko Acrob\u00e1tico y el Team velarde. Desde el Aer\u00f3dromo de Casarrubios del Monte en Toledo, a media hora de Madrid.\"\n\t\t\t\t\t\t     data-videoid=\"-P0WFy6kT64\" style=\"display:none\">\n\n\t\t\t\t\t\t<img alt=\"Juan Velarde en el Festival de Torre del Mar 2022\"\n\t\t\t\t\t\t    data-type=\"youtube\"  src=\"https:\/\/img.youtube.com\/vi\/0JDFAuv6-hU\/mqdefault.jpg\"\n\t\t\t\t\t\t     data-image=\"https:\/\/img.youtube.com\/vi\/0JDFAuv6-hU\/sddefault.jpg\"\n\t\t\t\t\t\t     title=\"Juan Velarde ofrece una exhibici\u00f3n a los m\u00e1s de 290.000 asistentes en el Festival A\u00e9reo de Torre del Mar 2022.\"\n\t\t\t\t\t\t     data-videoid=\"0JDFAuv6-hU\" style=\"display:none\">\n\n\t\t\t\t\t\t<img alt=\"Alas de la Sonrisa muestra por un d\u00eda a refugiados ucranianos\"\n\t\t\t\t\t\t    data-type=\"youtube\"  src=\"https:\/\/img.youtube.com\/vi\/M7iQ_9W81CE\/mqdefault.jpg\"\n\t\t\t\t\t\t     data-image=\"https:\/\/img.youtube.com\/vi\/M7iQ_9W81CE\/sddefault.jpg\"\n\t\t\t\t\t\t     title=\"El Hangar del Team Velarde acoge un a\u00f1o m\u00e1s la jornada solidaria de ASF Alas de la Sonrisa que cont\u00f3 con la participaci\u00f3n de ni\u00f1os refugiados ucranianos y sus familias.\"\n\t\t\t\t\t\t     data-videoid=\"M7iQ_9W81CE\" style=\"display:none\">\n\n\t\t\t\t\t\t<img alt=\"Pilotos Solidarios en Telemadrid\"\n\t\t\t\t\t\t    data-type=\"youtube\"  src=\"https:\/\/img.youtube.com\/vi\/0VqXKK3pdC8\/mqdefault.jpg\"\n\t\t\t\t\t\t     data-image=\"https:\/\/img.youtube.com\/vi\/0VqXKK3pdC8\/sddefault.jpg\"\n\t\t\t\t\t\t     title=\"Juan Velarde acoge en el hangar de su equipo de competici\u00f3n una nueva edici\u00f3n de la jornada solidaria Alas de la Sonrisa, iniciativa de Aviaci\u00f3n Sin Fronteras. Este es el v\u00eddeo que emiti\u00f3 el programa Tele Noticias de Telemadrid\"\n\t\t\t\t\t\t     data-videoid=\"0VqXKK3pdC8\" style=\"display:none\">\n\n\t\t\t\t\t\t<img alt=\"Juan Velarde en el programa Cent\u00edmetros C\u00fabicos\"\n\t\t\t\t\t\t    data-type=\"youtube\"  src=\"https:\/\/img.youtube.com\/vi\/4tJY7Cw0mnk\/mqdefault.jpg\"\n\t\t\t\t\t\t     data-image=\"https:\/\/img.youtube.com\/vi\/4tJY7Cw0mnk\/sddefault.jpg\"\n\t\t\t\t\t\t     title=\"Borja Urteaga, redactor del programa de motor de Atresmedia Cent\u00edmetros C\u00fabicos entrevista y vuela con Juan Velarde.\"\n\t\t\t\t\t\t     data-videoid=\"4tJY7Cw0mnk\" style=\"display:none\">\n\n\t\t\t\t\t\t<img alt=\"El hangar del Team Velarde, plat\u00f3 de Cent\u00edmetros C\u00fabicos\"\n\t\t\t\t\t\t    data-type=\"youtube\"  src=\"https:\/\/img.youtube.com\/vi\/GnTv2rrDwxs\/mqdefault.jpg\"\n\t\t\t\t\t\t     data-image=\"https:\/\/img.youtube.com\/vi\/GnTv2rrDwxs\/sddefault.jpg\"\n\t\t\t\t\t\t     title=\"El hangar del Team Velarde en el Aer\u00f3dromo de Casarrubios se convirti\u00f3 por un d\u00eda en plat\u00f3 del programa de Atresmedia Cent\u00edmetros C\u00fabicos.\"\n\t\t\t\t\t\t     data-videoid=\"GnTv2rrDwxs\" style=\"display:none\">\n\n\t\t\t\t\t\t<img alt=\"Juan Velarde en Zapeando (La Sexta)\"\n\t\t\t\t\t\t    data-type=\"youtube\"  src=\"https:\/\/img.youtube.com\/vi\/o6-qOhGfuTI\/mqdefault.jpg\"\n\t\t\t\t\t\t     data-image=\"https:\/\/img.youtube.com\/vi\/o6-qOhGfuTI\/sddefault.jpg\"\n\t\t\t\t\t\t     title=\"Dani Mateo y el equipo de La Sexta entrevist\u00f3 a Juan Velarde, piloto acrob\u00e1tico y de la Air Race.\"\n\t\t\t\t\t\t     data-videoid=\"o6-qOhGfuTI\" style=\"display:none\">\n\n\t\t\t\t\t\t<img alt=\"Alas de la Sonrisa: Pilotos solidarios en Casarrubios\"\n\t\t\t\t\t\t    data-type=\"youtube\"  src=\"https:\/\/img.youtube.com\/vi\/qNOxozltTDU\/mqdefault.jpg\"\n\t\t\t\t\t\t     data-image=\"https:\/\/img.youtube.com\/vi\/qNOxozltTDU\/sddefault.jpg\"\n\t\t\t\t\t\t     title=\"Alas de la Sonrisa reuni\u00f3 a un pu\u00f1ado de pilotos solidarios en Casarrubios gracias a Aviaci\u00f3n Sin Fronteras.\"\n\t\t\t\t\t\t     data-videoid=\"qNOxozltTDU\" style=\"display:none\">\n\n\t\t\t\t\t\t<img alt=\"Canal Sur vuela con Juan Velarde en Torre del Mar \"\n\t\t\t\t\t\t    data-type=\"youtube\"  src=\"https:\/\/img.youtube.com\/vi\/nszaSe0NBS4\/mqdefault.jpg\"\n\t\t\t\t\t\t     data-image=\"https:\/\/img.youtube.com\/vi\/nszaSe0NBS4\/sddefault.jpg\"\n\t\t\t\t\t\t     title=\"El periodista de Canal Sur Juan Carlos Tirado vol\u00f3 con Juan Velarde en el Festival de Torre del Mar en M\u00e1laga.\"\n\t\t\t\t\t\t     data-videoid=\"nszaSe0NBS4\" style=\"display:none\">\n\n\t\t\t\t\t\t<img alt=\"Juan Velarde en el Festival de Torre del Mar\"\n\t\t\t\t\t\t    data-type=\"youtube\"  src=\"https:\/\/img.youtube.com\/vi\/ibcf_ykDeek\/mqdefault.jpg\"\n\t\t\t\t\t\t     data-image=\"https:\/\/img.youtube.com\/vi\/ibcf_ykDeek\/sddefault.jpg\"\n\t\t\t\t\t\t     title=\"Juan Velarde particip\u00f3 en el Festival A\u00e9reo de Torre del Mar con una exhibici\u00f3n de vuelo acrob\u00e1tico con su Extra 330 LX\"\n\t\t\t\t\t\t     data-videoid=\"ibcf_ykDeek\" style=\"display:none\">\n\n\t\t\t\t\t\t<img alt=\"Juan Velarde en los simuladores de Aerodynamics Academy\"\n\t\t\t\t\t\t    data-type=\"youtube\"  src=\"https:\/\/img.youtube.com\/vi\/6aNw7979gAM\/mqdefault.jpg\"\n\t\t\t\t\t\t     data-image=\"https:\/\/img.youtube.com\/vi\/6aNw7979gAM\/sddefault.jpg\"\n\t\t\t\t\t\t     title=\"Juan Velarde prueba simuladores de Aerodynamics Academy\"\n\t\t\t\t\t\t     data-videoid=\"6aNw7979gAM\" style=\"display:none\">\n\n\t\t\t\t\t\t<img alt=\"Juan Velarde, segundo en Free Style CEVA 2020\"\n\t\t\t\t\t\t    data-type=\"youtube\"  src=\"https:\/\/img.youtube.com\/vi\/KAuqAf_9jlA\/mqdefault.jpg\"\n\t\t\t\t\t\t     data-image=\"https:\/\/img.youtube.com\/vi\/KAuqAf_9jlA\/sddefault.jpg\"\n\t\t\t\t\t\t     title=\"Juan Velarde termin\u00f3 segundo en la categor\u00eda Free Style en el CEVA 2020.\"\n\t\t\t\t\t\t     data-videoid=\"KAuqAf_9jlA\" style=\"display:none\">\n\n\t\t\t\t\t\t<img alt=\"Sobre la barrera del sonido en Telemadrid\"\n\t\t\t\t\t\t    data-type=\"youtube\"  src=\"https:\/\/img.youtube.com\/vi\/L0X7AQO1tMA\/mqdefault.jpg\"\n\t\t\t\t\t\t     data-image=\"https:\/\/img.youtube.com\/vi\/L0X7AQO1tMA\/sddefault.jpg\"\n\t\t\t\t\t\t     title=\"Juan Velarde explica por qu\u00e9 los aviones emiten un ruido similar a una explosi\u00f3n cuando rompen la barrera del sonido.\"\n\t\t\t\t\t\t     data-videoid=\"L0X7AQO1tMA\" style=\"display:none\">\n\n\t\t\t\t\t\t<img alt=\"Entrevista en Real Madrid TV\"\n\t\t\t\t\t\t    data-type=\"youtube\"  src=\"https:\/\/img.youtube.com\/vi\/nYzWYlZU5F8\/mqdefault.jpg\"\n\t\t\t\t\t\t     data-image=\"https:\/\/img.youtube.com\/vi\/nYzWYlZU5F8\/sddefault.jpg\"\n\t\t\t\t\t\t     title=\"Paola Castillo, reportera de Real Madrid TV, entrevista a Juan Velarde en su hangar en Casarrubios, rodeados de los aviones del piloto espa\u00f1ol.\"\n\t\t\t\t\t\t     data-videoid=\"nYzWYlZU5F8\" style=\"display:none\">\n\n\t\t\t\t\t\t<img alt=\"Vuelo con Pedro de la Rosa en MovistarF1\"\n\t\t\t\t\t\t    data-type=\"youtube\"  src=\"https:\/\/img.youtube.com\/vi\/Fj9PxDXKvZk\/mqdefault.jpg\"\n\t\t\t\t\t\t     data-image=\"https:\/\/img.youtube.com\/vi\/Fj9PxDXKvZk\/sddefault.jpg\"\n\t\t\t\t\t\t     title=\"Juan Velarde vuela con Pedro de la Rosa en el programa de F1 de Movistar presentado por Antonio Lobato y Toni Cuquerella\"\n\t\t\t\t\t\t     data-videoid=\"Fj9PxDXKvZk\" style=\"display:none\">\n\n\t\t\t\t\t\t<img alt=\"Charla para Euroavia VLC\"\n\t\t\t\t\t\t    data-type=\"youtube\"  src=\"https:\/\/img.youtube.com\/vi\/cYOlmYmBqDw\/mqdefault.jpg\"\n\t\t\t\t\t\t     data-image=\"https:\/\/img.youtube.com\/vi\/cYOlmYmBqDw\/sddefault.jpg\"\n\t\t\t\t\t\t     title=\"El piloto Juan Velarde y el ingeniero Miguel de Frutos hablan con los alumnos de Euroavia VLC\"\n\t\t\t\t\t\t     data-videoid=\"cYOlmYmBqDw\" style=\"display:none\">\n\n\t\t\t\t\t\t<img alt=\"Vuelo a Miami para repatriar espa\u00f1oles\"\n\t\t\t\t\t\t    data-type=\"youtube\"  src=\"https:\/\/img.youtube.com\/vi\/mQoBJB0ZW_0\/mqdefault.jpg\"\n\t\t\t\t\t\t     data-image=\"https:\/\/img.youtube.com\/vi\/mQoBJB0ZW_0\/sddefault.jpg\"\n\t\t\t\t\t\t     title=\"En pleno estado de alarma en Espa\u00f1a por el coronavirus, Juan Velarde vol\u00f3 a Miami para repatriar espa\u00f1oles y lo entrevistaron en Antena3 Deportes.\"\n\t\t\t\t\t\t     data-videoid=\"mQoBJB0ZW_0\" style=\"display:none\">\n\n\t\t\t\t\t\t<img alt=\"Charla con MovistarF1\"\n\t\t\t\t\t\t    data-type=\"youtube\"  src=\"https:\/\/img.youtube.com\/vi\/UUGN5gqDSRc\/mqdefault.jpg\"\n\t\t\t\t\t\t     data-image=\"https:\/\/img.youtube.com\/vi\/UUGN5gqDSRc\/sddefault.jpg\"\n\t\t\t\t\t\t     title=\"Juan Verlarde charla en su hangar con Pedro Mart\u00ednez de la Rosa, Antonio Lobato y Toni Cuquerella de MovistarF1 sobre la aviaci\u00f3n deportiva de acrobacias y velocidad.\"\n\t\t\t\t\t\t     data-videoid=\"UUGN5gqDSRc\" style=\"display:none\">\n\n\t\t\t\t\t\t<img alt=\"Juan Velarde en MovistarF1\"\n\t\t\t\t\t\t    data-type=\"youtube\"  src=\"https:\/\/www.juanvelarde26.com\/wp-content\/uploads\/2020\/03\/PHOTO-2020-03-20-19-38-40.jpg\"\n\t\t\t\t\t\t     data-image=\"https:\/\/img.youtube.com\/vi\/apztI9c9MFs\/sddefault.jpg\"\n\t\t\t\t\t\t     title=\"Juan Velarde particip\u00f3 en el programa de inicio de temporada de la F\u00f3rmula 1 en MovistarF1 con Antonio Lobato y Pedro de la Rosa.\"\n\t\t\t\t\t\t     data-videoid=\"apztI9c9MFs\" style=\"display:none\">\n\n\t\t\t\t\t\t<img alt=\"Festival A\u00e9reo Menorca 2019\"\n\t\t\t\t\t\t    data-type=\"youtube\"  src=\"https:\/\/img.youtube.com\/vi\/Yvawxx8rrgY\/mqdefault.jpg\"\n\t\t\t\t\t\t     data-image=\"https:\/\/img.youtube.com\/vi\/Yvawxx8rrgY\/sddefault.jpg\"\n\t\t\t\t\t\t     title=\"Juan Velarde realiza una exhibici\u00f3n de vuelo acrob\u00e1tico en el Festival A\u00e9reo Menorca 2019 en la playa de Son Bou\"\n\t\t\t\t\t\t     data-videoid=\"Yvawxx8rrgY\" style=\"display:none\">\n\n\t\t\t\t\t\t<img alt=\"Qualifying Jap\u00f3n 2019 - Red Bull Air Race\"\n\t\t\t\t\t\t    data-type=\"youtube\"  src=\"https:\/\/img.youtube.com\/vi\/TTnEIR7gqYA\/mqdefault.jpg\"\n\t\t\t\t\t\t     data-image=\"https:\/\/img.youtube.com\/vi\/TTnEIR7gqYA\/sddefault.jpg\"\n\t\t\t\t\t\t     title=\"Juan Velarde consigui\u00f3 el mejor tiempo en la calificaci\u00f3n de la Red Bull Air Race en Jap\u00f3n 2019.\"\n\t\t\t\t\t\t     data-videoid=\"TTnEIR7gqYA\" style=\"display:none\">\n\n\t\t\t\t\t\t<img alt=\"Juan Velarde Hungr\u00eda 2019 - Ronda de 14\"\n\t\t\t\t\t\t    data-type=\"youtube\"  src=\"https:\/\/img.youtube.com\/vi\/qUeXUEQLb68\/mqdefault.jpg\"\n\t\t\t\t\t\t     data-image=\"https:\/\/img.youtube.com\/vi\/qUeXUEQLb68\/sddefault.jpg\"\n\t\t\t\t\t\t     title=\"Juan Velarde en acci\u00f3n en la Ronda de 14 de la Red Bull Air Race Hungr\u00eda 2019.\"\n\t\t\t\t\t\t     data-videoid=\"qUeXUEQLb68\" style=\"display:none\">\n\n\t\t\t\t\t\t<img alt=\"Juan Velarde Calificaci\u00f3n Red Bull Air Race 2019\"\n\t\t\t\t\t\t    data-type=\"youtube\"  src=\"https:\/\/img.youtube.com\/vi\/mNsYGVIs4tg\/mqdefault.jpg\"\n\t\t\t\t\t\t     data-image=\"https:\/\/img.youtube.com\/vi\/mNsYGVIs4tg\/sddefault.jpg\"\n\t\t\t\t\t\t     title=\"Juan Velarde en acci\u00f3n en la Calificaci\u00f3n de la Red Bull Air Race \nHungr\u00eda 2019.\"\n\t\t\t\t\t\t     data-videoid=\"mNsYGVIs4tg\" style=\"display:none\">\n\n\t\t\t\t\t\t<img alt=\"Juan Velarde FIO abril 2019\"\n\t\t\t\t\t\t    data-type=\"youtube\"  src=\"https:\/\/img.youtube.com\/vi\/4UXehkZShjk\/mqdefault.jpg\"\n\t\t\t\t\t\t     data-image=\"https:\/\/img.youtube.com\/vi\/4UXehkZShjk\/sddefault.jpg\"\n\t\t\t\t\t\t     title=\"Juan Velarde y C\u00e1stor Fantoba realizaron un vuelo de exhibici\u00f3n en la Fundaci\u00f3n Infante de Orelans en el Aer\u00f3dromo de Cuatro Vientos en abril de 2019.\"\n\t\t\t\t\t\t     data-videoid=\"4UXehkZShjk\" style=\"display:none\">\n\n\t\t\t\t\t\t<img alt=\"Juan Velarde vuela junto a Marc M\u00e1rquez\"\n\t\t\t\t\t\t    data-type=\"youtube\"  src=\"https:\/\/img.youtube.com\/vi\/bRJ7bzjQsyo\/mqdefault.jpg\"\n\t\t\t\t\t\t     data-image=\"https:\/\/img.youtube.com\/vi\/bRJ7bzjQsyo\/sddefault.jpg\"\n\t\t\t\t\t\t     title=\"El piloto de la Red Bull Air Race Juan Velarde vuela junto al de MotoGP Marc M\u00e1rquez con el Extra 330LX biplaza.\"\n\t\t\t\t\t\t     data-videoid=\"bRJ7bzjQsyo\" style=\"display:none\">\n\n\t\t\t\t\t\t<img alt=\"Juan Velarde y la Red Bull Air Race en Cuatro\"\n\t\t\t\t\t\t    data-type=\"youtube\"  src=\"https:\/\/img.youtube.com\/vi\/V2QOVPdDLc4\/mqdefault.jpg\"\n\t\t\t\t\t\t     data-image=\"https:\/\/img.youtube.com\/vi\/V2QOVPdDLc4\/sddefault.jpg\"\n\t\t\t\t\t\t     title=\"Aprovechando los entrenamientos de la Red Bull Air Race en Oca\u00f1a, Nico Abad entrevista a Juan Velarde y Yoshi Muroya\"\n\t\t\t\t\t\t     data-videoid=\"V2QOVPdDLc4\" style=\"display:none\">\n\n\t\t\t\t\t\t<img alt=\"Alas de la Sonrisa en Casarrubios con Juan Velarde\"\n\t\t\t\t\t\t    data-type=\"youtube\"  src=\"https:\/\/img.youtube.com\/vi\/axyBoEz0OWg\/mqdefault.jpg\"\n\t\t\t\t\t\t     data-image=\"https:\/\/img.youtube.com\/vi\/axyBoEz0OWg\/sddefault.jpg\"\n\t\t\t\t\t\t     title=\"Juan Velarde y Aviaci\u00f3n sin Fronteras organizan una jornada solidaria de Alas de la Sonrisa en Casarrubios del Monte.\"\n\t\t\t\t\t\t     data-videoid=\"axyBoEz0OWg\" style=\"display:none\">\n\n\t\t\t\t\t\t<img alt=\"Juan Velarde vuela con Noem\u00ed de Miguel\"\n\t\t\t\t\t\t    data-type=\"youtube\"  src=\"https:\/\/img.youtube.com\/vi\/c-xJmS30cCU\/mqdefault.jpg\"\n\t\t\t\t\t\t     data-image=\"https:\/\/img.youtube.com\/vi\/c-xJmS30cCU\/sddefault.jpg\"\n\t\t\t\t\t\t     title=\"Juan Velarde, piloto acrob\u00e1tico y de la Red Bull Air Race, vuela con Noem\u00ed de Miguel, reportera de la F1 para Movistar+.\"\n\t\t\t\t\t\t     data-videoid=\"c-xJmS30cCU\" style=\"display:none\">\n\n\t\t\t\t\t\t<img alt=\"La preparaci\u00f3n mental de Juan Velarde\"\n\t\t\t\t\t\t    data-type=\"youtube\"  src=\"https:\/\/img.youtube.com\/vi\/AXJqgHd34NA\/mqdefault.jpg\"\n\t\t\t\t\t\t     data-image=\"https:\/\/img.youtube.com\/vi\/AXJqgHd34NA\/sddefault.jpg\"\n\t\t\t\t\t\t     title=\"Juan Velarde, piloto de la Red Bull Air Race, se prepara mentalmente para competir al m\u00e1ximo nivel.\"\n\t\t\t\t\t\t     data-videoid=\"AXJqgHd34NA\" style=\"display:none\">\n\n\t\t\t\t\t\t<img alt=\"Juan Velarde - Abu Dabi 2019 - Red Bull Air Race\"\n\t\t\t\t\t\t    data-type=\"youtube\"  src=\"https:\/\/img.youtube.com\/vi\/_eCatwt95GE\/mqdefault.jpg\"\n\t\t\t\t\t\t     data-image=\"https:\/\/img.youtube.com\/vi\/_eCatwt95GE\/sddefault.jpg\"\n\t\t\t\t\t\t     title=\"Juan Velarde disputa la ronda de 8 en la Red Bull Air Race 2019 en Abi Dabi.\"\n\t\t\t\t\t\t     data-videoid=\"_eCatwt95GE\" style=\"display:none\">\n\n\t\t\t\t\t\t<img alt=\"Juan Velarde Abu Dabi 2019\"\n\t\t\t\t\t\t    data-type=\"youtube\"  src=\"https:\/\/img.youtube.com\/vi\/LwIMeg56SFc\/mqdefault.jpg\"\n\t\t\t\t\t\t     data-image=\"https:\/\/img.youtube.com\/vi\/LwIMeg56SFc\/sddefault.jpg\"\n\t\t\t\t\t\t     title=\"Juan Velarde se estrena en el Free Practice 1 en la primera carrera de la Red Bull Air Race 2019 en Abu Dabi.\"\n\t\t\t\t\t\t     data-videoid=\"LwIMeg56SFc\" style=\"display:none\">\n\n\t\t\t\t\t\t<img alt=\"Festa al Cel 2019 - Juan Velarde\"\n\t\t\t\t\t\t    data-type=\"youtube\"  src=\"https:\/\/img.youtube.com\/vi\/GfGwQ-J2gcY\/mqdefault.jpg\"\n\t\t\t\t\t\t     data-image=\"https:\/\/img.youtube.com\/vi\/GfGwQ-J2gcY\/sddefault.jpg\"\n\t\t\t\t\t\t     title=\"Juan Velarde participa en la Festa al Cel 2019 con una exhibici\u00f3n de vuelo acrob\u00e1tico en el Aeropuerto Lleida-Alguaire.\"\n\t\t\t\t\t\t     data-videoid=\"GfGwQ-J2gcY\" style=\"display:none\">\n\n\t\t\t\t\t\t<img alt=\"RND14 Juan Velarde Red Bull Air Race Texas 2018\"\n\t\t\t\t\t\t    data-type=\"youtube\"  src=\"https:\/\/img.youtube.com\/vi\/LAAa-dnQ1sA\/mqdefault.jpg\"\n\t\t\t\t\t\t     data-image=\"https:\/\/img.youtube.com\/vi\/LAAa-dnQ1sA\/sddefault.jpg\"\n\t\t\t\t\t\t     title=\"Juan Velarde set up a great time at the Round of 14 in Fort Worth, Texas, Red Bull Air Race 2018.\"\n\t\t\t\t\t\t     data-videoid=\"LAAa-dnQ1sA\" style=\"display:none\">\n\n\t\t\t\t\t\t<img alt=\"Alas de la Sonrisa en Casarrubios\"\n\t\t\t\t\t\t    data-type=\"youtube\"  src=\"https:\/\/img.youtube.com\/vi\/w1zmW4zkpLU\/mqdefault.jpg\"\n\t\t\t\t\t\t     data-image=\"https:\/\/img.youtube.com\/vi\/w1zmW4zkpLU\/sddefault.jpg\"\n\t\t\t\t\t\t     title=\"La ONG Aviaci\u00f3n Sin Fronteras y el piloto de la Red Bull Air Race Juan Velarde organizaron una jornada de Alas de la Sonrisa en el Aer\u00f3dromo de Casarrubios.\"\n\t\t\t\t\t\t     data-videoid=\"w1zmW4zkpLU\" style=\"display:none\">\n\n\t\t\t\t\t\t<img alt=\"Juan Velarde en Garage TV\"\n\t\t\t\t\t\t    data-type=\"youtube\"  src=\"https:\/\/img.youtube.com\/vi\/WkbgYk7JsJ4\/mqdefault.jpg\"\n\t\t\t\t\t\t     data-image=\"https:\/\/img.youtube.com\/vi\/WkbgYk7JsJ4\/sddefault.jpg\"\n\t\t\t\t\t\t     title=\"Entrevista a Juan Velarde, piloto de acrobacias y de la Red Bull Air Race en Garage TV\"\n\t\t\t\t\t\t     data-videoid=\"WkbgYk7JsJ4\" style=\"display:none\">\n\n\t\t\t\t\t\t<img alt=\"Juan Velarde Qualy Indian\u00e1polis\"\n\t\t\t\t\t\t    data-type=\"youtube\"  src=\"https:\/\/img.youtube.com\/vi\/4V909reUGXQ\/mqdefault.jpg\"\n\t\t\t\t\t\t     data-image=\"https:\/\/img.youtube.com\/vi\/4V909reUGXQ\/sddefault.jpg\"\n\t\t\t\t\t\t     title=\"Juan Velarde Qualy Indian\u00e1polis Red Bull Air Race 2018\"\n\t\t\t\t\t\t     data-videoid=\"4V909reUGXQ\" style=\"display:none\">\n\n\t\t\t\t\t\t<img alt=\"Red Bull Air Race Austria 2018 - Rnd 14\"\n\t\t\t\t\t\t    data-type=\"youtube\"  src=\"https:\/\/img.youtube.com\/vi\/qPga6XptGfk\/mqdefault.jpg\"\n\t\t\t\t\t\t     data-image=\"https:\/\/img.youtube.com\/vi\/qPga6XptGfk\/sddefault.jpg\"\n\t\t\t\t\t\t     title=\"Juan Velarde cay\u00f3 eliminado en la ronde de 14 de la Red Bull Air Race de Wiener Neustadt a manos de Martin Sonka, vencedor de la prueba.\"\n\t\t\t\t\t\t     data-videoid=\"qPga6XptGfk\" style=\"display:none\">\n\n\t\t\t\t\t\t<img alt=\"Juan Velarde - Kaz\u00e1n 2018 - Red Bull Air Race\"\n\t\t\t\t\t\t    data-type=\"youtube\"  src=\"https:\/\/img.youtube.com\/vi\/utEbEKJKhCc\/mqdefault.jpg\"\n\t\t\t\t\t\t     data-image=\"https:\/\/img.youtube.com\/vi\/utEbEKJKhCc\/sddefault.jpg\"\n\t\t\t\t\t\t     title=\"V\u00eddeo de Juan Velarde en la Ronda de 8 en Kaz\u00e1n (Rusia), Red Bull Air Race 2018\"\n\t\t\t\t\t\t     data-videoid=\"utEbEKJKhCc\" style=\"display:none\">\n\n\t\t\t\t\t\t<img alt=\"2017 Season\"\n\t\t\t\t\t\t    data-type=\"youtube\"  src=\"https:\/\/img.youtube.com\/vi\/dpZEGmjpSVA\/mqdefault.jpg\"\n\t\t\t\t\t\t     data-image=\"https:\/\/img.youtube.com\/vi\/dpZEGmjpSVA\/sddefault.jpg\"\n\t\t\t\t\t\t     title=\"\"\n\t\t\t\t\t\t     data-videoid=\"dpZEGmjpSVA\" style=\"display:none\">\n\n\t\t\t\t\t\t<img alt=\"2017 Season Teaser\"\n\t\t\t\t\t\t    data-type=\"youtube\"  src=\"https:\/\/img.youtube.com\/vi\/WFw2zymFTA8\/mqdefault.jpg\"\n\t\t\t\t\t\t     data-image=\"https:\/\/img.youtube.com\/vi\/WFw2zymFTA8\/sddefault.jpg\"\n\t\t\t\t\t\t     title=\"\"\n\t\t\t\t\t\t     data-videoid=\"WFw2zymFTA8\" style=\"display:none\">\n\n\t\t\t\t\t\t<img alt=\"Spanish Aerobatic Championship 2017\"\n\t\t\t\t\t\t    data-type=\"youtube\"  src=\"https:\/\/img.youtube.com\/vi\/ZheWA7D6pm0\/mqdefault.jpg\"\n\t\t\t\t\t\t     data-image=\"https:\/\/img.youtube.com\/vi\/ZheWA7D6pm0\/sddefault.jpg\"\n\t\t\t\t\t\t     title=\"\"\n\t\t\t\t\t\t     data-videoid=\"ZheWA7D6pm0\" style=\"display:none\">\n\n\t\t\t\t\t\t<img alt=\"Presentaci\u00f3n el acuerdo de Team Velarde con Mentor Graphics\"\n\t\t\t\t\t\t    data-type=\"youtube\"  src=\"https:\/\/img.youtube.com\/vi\/-5udxJi_90o\/mqdefault.jpg\"\n\t\t\t\t\t\t     data-image=\"https:\/\/img.youtube.com\/vi\/-5udxJi_90o\/sddefault.jpg\"\n\t\t\t\t\t\t     title=\"\"\n\t\t\t\t\t\t     data-videoid=\"-5udxJi_90o\" style=\"display:none\">\n\n\t\t\t\t\t\t<img alt=\"VideoBlog 2017 para Marca.com: 6.-Lausitzring (reglajes de motor) Juan Velarde\"\n\t\t\t\t\t\t    data-type=\"youtube\"  src=\"https:\/\/img.youtube.com\/vi\/SIV7WlcsuzM\/mqdefault.jpg\"\n\t\t\t\t\t\t     data-image=\"https:\/\/img.youtube.com\/vi\/SIV7WlcsuzM\/sddefault.jpg\"\n\t\t\t\t\t\t     title=\"\"\n\t\t\t\t\t\t     data-videoid=\"SIV7WlcsuzM\" style=\"display:none\">\n\n\t\t\t\t\t\t<img alt=\"Juan Velarde Oporto 2017 Red Bull Air Race\"\n\t\t\t\t\t\t    data-type=\"youtube\"  src=\"https:\/\/img.youtube.com\/vi\/PLsNpDTCEiM\/mqdefault.jpg\"\n\t\t\t\t\t\t     data-image=\"https:\/\/img.youtube.com\/vi\/PLsNpDTCEiM\/sddefault.jpg\"\n\t\t\t\t\t\t     title=\"\"\n\t\t\t\t\t\t     data-videoid=\"PLsNpDTCEiM\" style=\"display:none\">\n\n\t\t\t\t\t\t<img alt=\"VideoBlog 2017 para Marca.com: 5.- Oporto (el equipo)\"\n\t\t\t\t\t\t    data-type=\"youtube\"  src=\"https:\/\/img.youtube.com\/vi\/PHauXpSDoD0\/mqdefault.jpg\"\n\t\t\t\t\t\t     data-image=\"https:\/\/img.youtube.com\/vi\/PHauXpSDoD0\/sddefault.jpg\"\n\t\t\t\t\t\t     title=\"\"\n\t\t\t\t\t\t     data-videoid=\"PHauXpSDoD0\" style=\"display:none\">\n\n\t\t\t\t\t\t<img alt=\"Cierre de Telediario nacional RTVE 21h del 11\/8\/2017 \"\n\t\t\t\t\t\t    data-type=\"youtube\"  src=\"https:\/\/img.youtube.com\/vi\/Gv7yCWX1XHI\/mqdefault.jpg\"\n\t\t\t\t\t\t     data-image=\"https:\/\/img.youtube.com\/vi\/Gv7yCWX1XHI\/sddefault.jpg\"\n\t\t\t\t\t\t     title=\"\"\n\t\t\t\t\t\t     data-videoid=\"Gv7yCWX1XHI\" style=\"display:none\">\n\n\t\t\t\t\t\t<img alt=\"Cierre del informativo territorial de RTVE Castilla la Mancha 9\/8\/2017\"\n\t\t\t\t\t\t    data-type=\"youtube\"  src=\"https:\/\/img.youtube.com\/vi\/aKpdNdQymGI\/mqdefault.jpg\"\n\t\t\t\t\t\t     data-image=\"https:\/\/img.youtube.com\/vi\/aKpdNdQymGI\/sddefault.jpg\"\n\t\t\t\t\t\t     title=\"\"\n\t\t\t\t\t\t     data-videoid=\"aKpdNdQymGI\" style=\"display:none\">\n\n\t\t\t\t\t\t<img alt=\"Programa Cr\u00f3nica Cuarto: entrevista y reportaje 8\/8\/2017\"\n\t\t\t\t\t\t    data-type=\"youtube\"  src=\"https:\/\/img.youtube.com\/vi\/vOKYEiZkA1g\/mqdefault.jpg\"\n\t\t\t\t\t\t     data-image=\"https:\/\/img.youtube.com\/vi\/vOKYEiZkA1g\/sddefault.jpg\"\n\t\t\t\t\t\t     title=\"\"\n\t\t\t\t\t\t     data-videoid=\"vOKYEiZkA1g\" style=\"display:none\">\n\n\t\t\t\t\t\t<img alt=\"Reportaje de RTVE Castilla la Mancha 9\/8\/2017\"\n\t\t\t\t\t\t    data-type=\"youtube\"  src=\"https:\/\/img.youtube.com\/vi\/AXBjzsgplGU\/mqdefault.jpg\"\n\t\t\t\t\t\t     data-image=\"https:\/\/img.youtube.com\/vi\/AXBjzsgplGU\/sddefault.jpg\"\n\t\t\t\t\t\t     title=\"\"\n\t\t\t\t\t\t     data-videoid=\"AXBjzsgplGU\" style=\"display:none\">\n\n\t\t\t\t\t\t<img alt=\"VideoBlog 2017 para Marca.com: 3.- Kazan\"\n\t\t\t\t\t\t    data-type=\"youtube\"  src=\"https:\/\/img.youtube.com\/vi\/fcoLQcnzmZY\/mqdefault.jpg\"\n\t\t\t\t\t\t     data-image=\"https:\/\/img.youtube.com\/vi\/fcoLQcnzmZY\/sddefault.jpg\"\n\t\t\t\t\t\t     title=\"En este v\u00eddeo os explicamos c\u00f3mo es la cabina del avi\u00f3n por dentro y para qu\u00e9 sirve cada uno de los instrumentos del panel\"\n\t\t\t\t\t\t     data-videoid=\"fcoLQcnzmZY\" style=\"display:none\">\n\n\t\t\t\t\t\t<img alt=\"Juan Velarde Kazan 2017 Red Bull Air Race\"\n\t\t\t\t\t\t    data-type=\"youtube\"  src=\"https:\/\/img.youtube.com\/vi\/AS5HyYx2EXg\/mqdefault.jpg\"\n\t\t\t\t\t\t     data-image=\"https:\/\/img.youtube.com\/vi\/AS5HyYx2EXg\/sddefault.jpg\"\n\t\t\t\t\t\t     title=\"\"\n\t\t\t\t\t\t     data-videoid=\"AS5HyYx2EXg\" style=\"display:none\">\n\n\t\t\t\t\t\t<img alt=\"VideoBlog 2017 para Marca.com: 3.- Budapest\"\n\t\t\t\t\t\t    data-type=\"youtube\"  src=\"https:\/\/img.youtube.com\/vi\/m20-n436JV0\/mqdefault.jpg\"\n\t\t\t\t\t\t     data-image=\"https:\/\/img.youtube.com\/vi\/m20-n436JV0\/sddefault.jpg\"\n\t\t\t\t\t\t     title=\"En esta ocasi\u00f3n hablamos de los famosos &quot;G's&quot;, c\u00f3mo nos afectan y por qu\u00e9 es tan importante el entrenamiento para poder ajustar la trazada al m\u00e1ximo sin superar el l\u00edmite de 12 G's\"\n\t\t\t\t\t\t     data-videoid=\"m20-n436JV0\" style=\"display:none\">\n\n\t\t\t\t\t\t<img alt=\"Juan Velarde Budapest 2017 Red Bull Air Race\"\n\t\t\t\t\t\t    data-type=\"youtube\"  src=\"https:\/\/img.youtube.com\/vi\/lgqwYieAR_0\/mqdefault.jpg\"\n\t\t\t\t\t\t     data-image=\"https:\/\/img.youtube.com\/vi\/lgqwYieAR_0\/sddefault.jpg\"\n\t\t\t\t\t\t     title=\"\"\n\t\t\t\t\t\t     data-videoid=\"lgqwYieAR_0\" style=\"display:none\">\n\n\t\t\t\t\t\t<img alt=\"Entre bastidores: Equipos de carreras\"\n\t\t\t\t\t\t    data-type=\"youtube\"  src=\"https:\/\/img.youtube.com\/vi\/g8tuLGdr-9I\/mqdefault.jpg\"\n\t\t\t\t\t\t     data-image=\"https:\/\/img.youtube.com\/vi\/g8tuLGdr-9I\/sddefault.jpg\"\n\t\t\t\t\t\t     title=\"Charlamos con Paul Bonhomme, piloto y comentador de la Red Bull Air Race acerca de la estructura del equipo y lo que hacemos cada uno de nosotros\"\n\t\t\t\t\t\t     data-videoid=\"g8tuLGdr-9I\" style=\"display:none\">\n\n\t\t\t\t\t\t<img alt=\"VideoBlog 2017 para Marca.com: 2.- Chiba \"\n\t\t\t\t\t\t    data-type=\"youtube\"  src=\"https:\/\/img.youtube.com\/vi\/vB7ACc50rCo\/mqdefault.jpg\"\n\t\t\t\t\t\t     data-image=\"https:\/\/img.youtube.com\/vi\/vB7ACc50rCo\/sddefault.jpg\"\n\t\t\t\t\t\t     title=\"En esta segunda entrega aclaramos algunos conceptos b\u00e1sicos para el pilotaje, como la temperatura o la densidad del aire y en qu\u00e9 medida afectan al avi\u00f3n durante la competici\u00f3n\"\n\t\t\t\t\t\t     data-videoid=\"vB7ACc50rCo\" style=\"display:none\">\n\n\t\t\t\t\t\t<img alt=\"Juan Velarde Chiba 2017\"\n\t\t\t\t\t\t    data-type=\"youtube\"  src=\"https:\/\/img.youtube.com\/vi\/zz0f5fu8dnM\/mqdefault.jpg\"\n\t\t\t\t\t\t     data-image=\"https:\/\/img.youtube.com\/vi\/zz0f5fu8dnM\/sddefault.jpg\"\n\t\t\t\t\t\t     title=\"\"\n\t\t\t\t\t\t     data-videoid=\"zz0f5fu8dnM\" style=\"display:none\">\n\n\t\t\t\t\t\t<img alt=\"VideoBlog 2017 para Marca.com: 1.- San Diego\"\n\t\t\t\t\t\t    data-type=\"youtube\"  src=\"https:\/\/img.youtube.com\/vi\/iUbm01D3FRQ\/mqdefault.jpg\"\n\t\t\t\t\t\t     data-image=\"https:\/\/img.youtube.com\/vi\/iUbm01D3FRQ\/sddefault.jpg\"\n\t\t\t\t\t\t     title=\"Empezamos esta serie de v\u00eddeos explicando c\u00f3mo es nuestro avi\u00f3n: construcci\u00f3n, motor, h\u00e9lice, etc.\"\n\t\t\t\t\t\t     data-videoid=\"iUbm01D3FRQ\" style=\"display:none\">\n\n\t\t\t\t\t\t<img alt=\"Juan Velarde San Diego 2017 Red Bull Air Race\"\n\t\t\t\t\t\t    data-type=\"youtube\"  src=\"https:\/\/img.youtube.com\/vi\/g7AGnKVenpA\/mqdefault.jpg\"\n\t\t\t\t\t\t     data-image=\"https:\/\/img.youtube.com\/vi\/g7AGnKVenpA\/sddefault.jpg\"\n\t\t\t\t\t\t     title=\"V\u00eddeo resumen de la carrera de la Red Bull Air Race en San Diego el pasado 16 de abril de  2017.\nEditado por http:\/\/www.nievesferrer.com\"\n\t\t\t\t\t\t     data-videoid=\"g7AGnKVenpA\" style=\"display:none\">\n\n\t\t\t\t\t\t<img alt=\"Juan Velarde Abu Dabi 2017\"\n\t\t\t\t\t\t    data-type=\"youtube\"  src=\"https:\/\/img.youtube.com\/vi\/mlMyyNVcP0M\/mqdefault.jpg\"\n\t\t\t\t\t\t     data-image=\"https:\/\/img.youtube.com\/vi\/mlMyyNVcP0M\/sddefault.jpg\"\n\t\t\t\t\t\t     title=\"Video res\u00famen de la carrera de Abu Dabi 2017\"\n\t\t\t\t\t\t     data-videoid=\"mlMyyNVcP0M\" style=\"display:none\">\n\n\t\t\t\t\t\t<img alt=\"Entrevista en Good Morning People\"\n\t\t\t\t\t\t    data-type=\"youtube\"  src=\"https:\/\/img.youtube.com\/vi\/mcLYcpf-04I\/mqdefault.jpg\"\n\t\t\t\t\t\t     data-image=\"https:\/\/img.youtube.com\/vi\/mcLYcpf-04I\/sddefault.jpg\"\n\t\t\t\t\t\t     title=\"Entrevista emitida el 11 de marzo de 2017 en el programa Good Morning People, de Non Stop People Espa\u00f1a, en la plataforma de TV Movistar+\"\n\t\t\t\t\t\t     data-videoid=\"mcLYcpf-04I\" style=\"display:none\">\n\n\t\t\t\t\t\t<img alt=\"Presentacion Abu Dhabi 2017\"\n\t\t\t\t\t\t    data-type=\"youtube\"  src=\"https:\/\/img.youtube.com\/vi\/3TXYpyWH8l0\/mqdefault.jpg\"\n\t\t\t\t\t\t     data-image=\"https:\/\/img.youtube.com\/vi\/3TXYpyWH8l0\/sddefault.jpg\"\n\t\t\t\t\t\t     title=\"\"\n\t\t\t\t\t\t     data-videoid=\"3TXYpyWH8l0\" style=\"display:none\">\n\n\t\t\t\t\t\t<img alt=\"Red Bull Air Race. Resumen 2016\"\n\t\t\t\t\t\t    data-type=\"youtube\"  src=\"https:\/\/img.youtube.com\/vi\/Xw3cVwCkdWQ\/mqdefault.jpg\"\n\t\t\t\t\t\t     data-image=\"https:\/\/img.youtube.com\/vi\/Xw3cVwCkdWQ\/sddefault.jpg\"\n\t\t\t\t\t\t     title=\"Resumen de la temporada 2016 de la Red Bull Air Race\"\n\t\t\t\t\t\t     data-videoid=\"Xw3cVwCkdWQ\" style=\"display:none\">\n\n\t\t\t\t\t\t<img alt=\"Volar sin l\u00edmites en Castilla-La Mancha\"\n\t\t\t\t\t\t    data-type=\"youtube\"  src=\"https:\/\/img.youtube.com\/vi\/uto5p1Huz-c\/mqdefault.jpg\"\n\t\t\t\t\t\t     data-image=\"https:\/\/img.youtube.com\/vi\/uto5p1Huz-c\/sddefault.jpg\"\n\t\t\t\t\t\t     title=\"Este programa no es apto para card\u00edacos porque te proponemos varios retos de altura.\nCon el \u00fanico equipo espa\u00f1ol que compite en la prueba a motor m\u00e1s r\u00e1pida del mundo, entrenamos en el aer\u00f3dromo de Casarrubios del Monte. Juan Velarde y Anselmo G\u00f3mez nos ense\u00f1an el avi\u00f3n con el que traspasan los l\u00edmites de la acrobacia a\u00e9rea y les vemos surcar el espacio a\u00e9reo toledano a m\u00e1s de 400 km\/hora.\nEmitido el 05.12.2016 en Castilla-La Mancha Media.\"\n\t\t\t\t\t\t     data-videoid=\"uto5p1Huz-c\" style=\"display:none\">\n\n\t\t\t\t\t\t<img alt=\"Reto 4GExtremo Vodafone\"\n\t\t\t\t\t\t    data-type=\"youtube\"  src=\"https:\/\/img.youtube.com\/vi\/6rB3YyEkqgM\/mqdefault.jpg\"\n\t\t\t\t\t\t     data-image=\"https:\/\/img.youtube.com\/vi\/6rB3YyEkqgM\/sddefault.jpg\"\n\t\t\t\t\t\t     title=\"\"\n\t\t\t\t\t\t     data-videoid=\"6rB3YyEkqgM\" style=\"display:none\">\n\n\t\t\t\t\t\t<img alt=\"Indianapolis 2016\"\n\t\t\t\t\t\t    data-type=\"youtube\"  src=\"https:\/\/img.youtube.com\/vi\/GLJFg7UGD4Y\/mqdefault.jpg\"\n\t\t\t\t\t\t     data-image=\"https:\/\/img.youtube.com\/vi\/GLJFg7UGD4Y\/sddefault.jpg\"\n\t\t\t\t\t\t     title=\"Ronda de pr\u00e1ctica #1 circuito de Indianapolis 2016\"\n\t\t\t\t\t\t     data-videoid=\"GLJFg7UGD4Y\" style=\"display:none\">\n\n\t\t\t\t\t\t<img alt=\"Lausitzring 2016 Free Practice #3\"\n\t\t\t\t\t\t    data-type=\"youtube\"  src=\"https:\/\/img.youtube.com\/vi\/n9C_hv4MZOI\/mqdefault.jpg\"\n\t\t\t\t\t\t     data-image=\"https:\/\/img.youtube.com\/vi\/n9C_hv4MZOI\/sddefault.jpg\"\n\t\t\t\t\t\t     title=\"Ronda de pr\u00e1ctica #3 en Lausitzring. Septiembre 2016\"\n\t\t\t\t\t\t     data-videoid=\"n9C_hv4MZOI\" style=\"display:none\">\n\n\t\t\t\t\t\t<img alt=\"Perfil Juan Velarde 2016 \"\n\t\t\t\t\t\t    data-type=\"youtube\"  src=\"https:\/\/img.youtube.com\/vi\/iUQ_Pbe6-Iw\/mqdefault.jpg\"\n\t\t\t\t\t\t     data-image=\"https:\/\/img.youtube.com\/vi\/iUQ_Pbe6-Iw\/sddefault.jpg\"\n\t\t\t\t\t\t     title=\"Sesi\u00f3n de wakeboarding con el campeon Sebasztian Szolath en Budapest. Video propiedad de Red Bull Air Race\"\n\t\t\t\t\t\t     data-videoid=\"iUQ_Pbe6-Iw\" style=\"display:none\">\n\n\t\t\t\t\t\t<img alt=\"Juan Velarde en Acapulco (Mexico)\"\n\t\t\t\t\t\t    data-type=\"youtube\"  src=\"https:\/\/img.youtube.com\/vi\/PO7lgMNqT14\/mqdefault.jpg\"\n\t\t\t\t\t\t     data-image=\"https:\/\/img.youtube.com\/vi\/PO7lgMNqT14\/sddefault.jpg\"\n\t\t\t\t\t\t     title=\"Evento de promoci\u00f3n de Red Bull Air Race en Acapulco - Mayo 2016\"\n\t\t\t\t\t\t     data-videoid=\"PO7lgMNqT14\" style=\"display:none\">\n\n\t\t\t\t\t\t<img alt=\"Clasificaci\u00f3n Spielberg 2016\"\n\t\t\t\t\t\t    data-type=\"youtube\"  src=\"https:\/\/www.juanvelarde26.com\/wp-content\/uploads\/2016\/05\/P-20160423-00598_HiRes-JPEG-24bit-RGB-300x200.jpg\"\n\t\t\t\t\t\t     data-image=\"https:\/\/www.juanvelarde26.com\/wp-content\/uploads\/2016\/05\/P-20160423-00598_HiRes-JPEG-24bit-RGB.jpg\"\n\t\t\t\t\t\t     title=\"\"\n\t\t\t\t\t\t     data-videoid=\"ltlgeubygMg\" style=\"display:none\">\n\n\t\t\t\t\t\t<img alt=\"Gracias \/ Thank you\"\n\t\t\t\t\t\t    data-type=\"youtube\"  src=\"https:\/\/img.youtube.com\/vi\/9ParGwd7p6s\/mqdefault.jpg\"\n\t\t\t\t\t\t     data-image=\"https:\/\/img.youtube.com\/vi\/9ParGwd7p6s\/sddefault.jpg\"\n\t\t\t\t\t\t     title=\"\"\n\t\t\t\t\t\t     data-videoid=\"9ParGwd7p6s\" style=\"display:none\">\n\n\t\t\t\t\t\t<img alt=\"Las Vegas 2015\"\n\t\t\t\t\t\t    data-type=\"youtube\"  src=\"https:\/\/img.youtube.com\/vi\/xX_UA6G7xlg\/mqdefault.jpg\"\n\t\t\t\t\t\t     data-image=\"https:\/\/img.youtube.com\/vi\/xX_UA6G7xlg\/sddefault.jpg\"\n\t\t\t\t\t\t     title=\"\"\n\t\t\t\t\t\t     data-videoid=\"xX_UA6G7xlg\" style=\"display:none\">\n\n\t\t\t\t\t\t<img alt=\"Fort Worth 2015\"\n\t\t\t\t\t\t    data-type=\"youtube\"  src=\"https:\/\/img.youtube.com\/vi\/Dpwddiwn1iw\/mqdefault.jpg\"\n\t\t\t\t\t\t     data-image=\"https:\/\/img.youtube.com\/vi\/Dpwddiwn1iw\/sddefault.jpg\"\n\t\t\t\t\t\t     title=\"\"\n\t\t\t\t\t\t     data-videoid=\"Dpwddiwn1iw\" style=\"display:none\">\n\n\t\t\t\t\t\t<img alt=\"Budapest 2015\"\n\t\t\t\t\t\t    data-type=\"youtube\"  src=\"https:\/\/img.youtube.com\/vi\/4jPDE2SDAl0\/mqdefault.jpg\"\n\t\t\t\t\t\t     data-image=\"https:\/\/img.youtube.com\/vi\/4jPDE2SDAl0\/sddefault.jpg\"\n\t\t\t\t\t\t     title=\"\"\n\t\t\t\t\t\t     data-videoid=\"4jPDE2SDAl0\" style=\"display:none\">\n\n\t\t\t\t\t\t<img alt=\"Team Velarde and Levot, RBAR Croacia. \"\n\t\t\t\t\t\t    data-type=\"youtube\"  src=\"https:\/\/img.youtube.com\/vi\/r78D-WHi0pQ\/mqdefault.jpg\"\n\t\t\t\t\t\t     data-image=\"https:\/\/img.youtube.com\/vi\/r78D-WHi0pQ\/sddefault.jpg\"\n\t\t\t\t\t\t     title=\"\"\n\t\t\t\t\t\t     data-videoid=\"r78D-WHi0pQ\" style=\"display:none\">\n\n\t\t\t\t\t\t<img alt=\"Juan Velarde in the RBAR \"\n\t\t\t\t\t\t    data-type=\"youtube\"  src=\"https:\/\/img.youtube.com\/vi\/4KpXnnHaqq4\/mqdefault.jpg\"\n\t\t\t\t\t\t     data-image=\"https:\/\/img.youtube.com\/vi\/4KpXnnHaqq4\/sddefault.jpg\"\n\t\t\t\t\t\t     title=\"\"\n\t\t\t\t\t\t     data-videoid=\"4KpXnnHaqq4\" style=\"display:none\">\n\n\t\t\t\t\t\t<img alt=\"Antena 3 A Fondo \"\n\t\t\t\t\t\t    data-type=\"youtube\"  src=\"https:\/\/img.youtube.com\/vi\/4kEx-3ucCfI\/mqdefault.jpg\"\n\t\t\t\t\t\t     data-image=\"https:\/\/img.youtube.com\/vi\/4kEx-3ucCfI\/sddefault.jpg\"\n\t\t\t\t\t\t     title=\"\"\n\t\t\t\t\t\t     data-videoid=\"4kEx-3ucCfI\" style=\"display:none\">\n\n\t\t\t\t\t\t<img alt=\"Ascot 2015\"\n\t\t\t\t\t\t    data-type=\"youtube\"  src=\"https:\/\/img.youtube.com\/vi\/luN-tVk2uuM\/mqdefault.jpg\"\n\t\t\t\t\t\t     data-image=\"https:\/\/img.youtube.com\/vi\/luN-tVk2uuM\/sddefault.jpg\"\n\t\t\t\t\t\t     title=\"\"\n\t\t\t\t\t\t     data-videoid=\"luN-tVk2uuM\" style=\"display:none\">\n\n\t\t\t\t\t\t<img alt=\"Spielberg 2015\"\n\t\t\t\t\t\t    data-type=\"youtube\"  src=\"https:\/\/img.youtube.com\/vi\/06_IKnX_6nk\/mqdefault.jpg\"\n\t\t\t\t\t\t     data-image=\"https:\/\/img.youtube.com\/vi\/06_IKnX_6nk\/sddefault.jpg\"\n\t\t\t\t\t\t     title=\"\"\n\t\t\t\t\t\t     data-videoid=\"06_IKnX_6nk\" style=\"display:none\">\n\n\t\t\t\t\t\t<img alt=\"Informativos Antena 3 19\/11\/2017\"\n\t\t\t\t\t\t    data-type=\"youtube\"  src=\"https:\/\/img.youtube.com\/vi\/f6CVtoOOzXE\/mqdefault.jpg\"\n\t\t\t\t\t\t     data-image=\"https:\/\/img.youtube.com\/vi\/f6CVtoOOzXE\/sddefault.jpg\"\n\t\t\t\t\t\t     title=\"Cobertura del Campeonato de Espa\u00f1a de Vuelo Acrob\u00e1tico\"\n\t\t\t\t\t\t     data-videoid=\"f6CVtoOOzXE\" style=\"display:none\">\n\n\t\t\t\t\t\t<img alt=\"Pilotos Solidarios en La 1 de RTVE\"\n\t\t\t\t\t\t    data-type=\"youtube\"  src=\"https:\/\/img.youtube.com\/vi\/UHnjoRwAKXI\/mqdefault.jpg\"\n\t\t\t\t\t\t     data-image=\"https:\/\/img.youtube.com\/vi\/UHnjoRwAKXI\/sddefault.jpg\"\n\t\t\t\t\t\t     title=\"La ONG Aviaci\u00f3n Sin Fronteras organiz\u00f3 una jornada especial en el aer\u00f3dromo. Expertos pilotos realizaron vuelo acrob\u00e1tico para personas con capacidades diferentes. Esta iniciativa busca seguir rompiendo barreras y fomentar la inclusi\u00f3n.\"\n\t\t\t\t\t\t     data-videoid=\"UHnjoRwAKXI\" style=\"display:none\">\n\t\t\t<\/div>\n\n\t\t\t<script type='text\/javascript'>\n\t\t\t\twindow.onload = function(e) {\n\t\t\t\t\tif(typeof ugCheckForErrors == \"undefined\")\n\t\t\t\t\t\tdocument.getElementById(\"unitegallery_9_1\").innerHTML = \"<span style='color:red'>Unite Gallery Error - gallery js and css files not included in the footer. Please make sure that wp_footer() function is added to your theme.<\/span>\";\n\t\t\t\t\telse ugCheckForErrors(\"unitegallery_9_1\", \"jquery\");\n\t\t\t\t}\n\t\t\t<\/script>\n\n\t\t\t<!-- END UNITEGALLERY -->\n[\/vc_column_text][\/vc_column][\/vc_row]","protected":false},"excerpt":{"rendered":"<p>[vc_row][vc_column width=&#8221;1\/1&#8243;][vc_column_text] [\/vc_column_text][\/vc_column][\/vc_row]<\/p>\n","protected":false},"author":1,"featured_media":0,"parent":79,"menu_order":0,"comment_status":"open","ping_status":"open","template":"page-full.php","meta":[],"_links":{"self":[{"href":"https:\/\/www.juanvelarde26.com\/en\/wp-json\/wp\/v2\/pages\/94"}],"collection":[{"href":"https:\/\/www.juanvelarde26.com\/en\/wp-json\/wp\/v2\/pages"}],"about":[{"href":"https:\/\/www.juanvelarde26.com\/en\/wp-json\/wp\/v2\/types\/page"}],"author":[{"embeddable":true,"href":"https:\/\/www.juanvelarde26.com\/en\/wp-json\/wp\/v2\/users\/1"}],"replies":[{"embeddable":true,"href":"https:\/\/www.juanvelarde26.com\/en\/wp-json\/wp\/v2\/comments?post=94"}],"version-history":[{"count":49,"href":"https:\/\/www.juanvelarde26.com\/en\/wp-json\/wp\/v2\/pages\/94\/revisions"}],"predecessor-version":[{"id":917,"href":"https:\/\/www.juanvelarde26.com\/en\/wp-json\/wp\/v2\/pages\/94\/revisions\/917"}],"up":[{"embeddable":true,"href":"https:\/\/www.juanvelarde26.com\/en\/wp-json\/wp\/v2\/pages\/79"}],"wp:attachment":[{"href":"https:\/\/www.juanvelarde26.com\/en\/wp-json\/wp\/v2\/media?parent=94"}],"curies":[{"name":"wp","href":"https:\/\/api.w.org\/{rel}","templated":true}]}}